{"id":14197,"date":"2025-04-25T13:55:09","date_gmt":"2025-04-25T13:55:09","guid":{"rendered":"https:\/\/omplim.cat\/promocions\/el-prat\/"},"modified":"2025-05-05T08:26:29","modified_gmt":"2025-05-05T08:26:29","slug":"el-prat","status":"publish","type":"promocions","link":"https:\/\/omplim.cat\/es\/promocions\/el-prat\/","title":{"rendered":"El Prat 011"},"content":{"rendered":"\t\t<div data-elementor-type=\"wp-post\" data-elementor-id=\"14197\" class=\"elementor elementor-14197 elementor-11433\" data-elementor-post-type=\"promocions\">\n\t\t\t\t<div class=\"elementor-element elementor-element-5640b432 e-flex e-con-boxed e-con e-parent\" data-id=\"5640b432\" data-element_type=\"container\" data-e-type=\"container\">\n\t\t\t\t\t<div class=\"e-con-inner\">\n\t\t<div class=\"elementor-element elementor-element-7ae877d6 e-flex e-con-boxed e-con e-child\" data-id=\"7ae877d6\" data-element_type=\"container\" data-e-type=\"container\">\n\t\t\t\t\t<div class=\"e-con-inner\">\n\t\t\t\t<div class=\"elementor-element elementor-element-454c9f14 elementor-widget elementor-widget-heading\" data-id=\"454c9f14\" data-element_type=\"widget\" data-e-type=\"widget\" data-widget_type=\"heading.default\">\n\t\t\t\t<div class=\"elementor-widget-container\">\n\t\t\t\t\t<h2 class=\"elementor-heading-title elementor-size-default\">El Prat 011<\/h2>\t\t\t\t<\/div>\n\t\t\t\t<\/div>\n\t\t\t\t<div class=\"elementor-element elementor-element-2522a220 elementor-widget elementor-widget-heading\" data-id=\"2522a220\" data-element_type=\"widget\" data-e-type=\"widget\" data-widget_type=\"heading.default\">\n\t\t\t\t<div class=\"elementor-widget-container\">\n\t\t\t\t\t<h2 class=\"elementor-heading-title elementor-size-default\">Promoci\u00f3n de viviendas en venta<\/h2>\t\t\t\t<\/div>\n\t\t\t\t<\/div>\n\t\t\t\t<div class=\"elementor-element elementor-element-1b6ce64e elementor-widget elementor-widget-heading\" data-id=\"1b6ce64e\" data-element_type=\"widget\" data-e-type=\"widget\" data-widget_type=\"heading.default\">\n\t\t\t\t<div class=\"elementor-widget-container\">\n\t\t\t\t\t<h2 class=\"elementor-heading-title elementor-size-default\">Activa<\/h2>\t\t\t\t<\/div>\n\t\t\t\t<\/div>\n\t\t\t\t<div class=\"elementor-element elementor-element-dd981e3 elementor-widget elementor-widget-text-editor\" data-id=\"dd981e3\" data-element_type=\"widget\" data-e-type=\"widget\" data-widget_type=\"text-editor.default\">\n\t\t\t\t<div class=\"elementor-widget-container\">\n\t\t\t\t\t\t\t\t\t<h5><strong><span style=\"color: #ce6952;\">En construcci\u00f3!<\/span><\/strong><\/h5>\t\t\t\t\t\t\t\t<\/div>\n\t\t\t\t<\/div>\n\t\t<div class=\"elementor-element elementor-element-51d7f1ff e-flex e-con-boxed e-con e-child\" data-id=\"51d7f1ff\" data-element_type=\"container\" data-e-type=\"container\">\n\t\t\t\t\t<div class=\"e-con-inner\">\n\t\t\t\t<div class=\"elementor-element elementor-element-1d2af161 elementor-widget elementor-widget-image-box\" data-id=\"1d2af161\" data-element_type=\"widget\" data-e-type=\"widget\" data-widget_type=\"image-box.default\">\n\t\t\t\t<div class=\"elementor-widget-container\">\n\t\t\t\t\t<div class=\"elementor-image-box-wrapper\"><div class=\"elementor-image-box-content\"><h3 class=\"elementor-image-box-title\">12.520<\/h3><p class=\"elementor-image-box-description\">M2 construidos<\/p><\/div><\/div>\t\t\t\t<\/div>\n\t\t\t\t<\/div>\n\t\t\t\t<div class=\"elementor-element elementor-element-601644df elementor-widget elementor-widget-image-box\" data-id=\"601644df\" data-element_type=\"widget\" data-e-type=\"widget\" data-widget_type=\"image-box.default\">\n\t\t\t\t<div class=\"elementor-widget-container\">\n\t\t\t\t\t<div class=\"elementor-image-box-wrapper\"><div class=\"elementor-image-box-content\"><h3 class=\"elementor-image-box-title\">101<\/h3><p class=\"elementor-image-box-description\">Viviendas<\/p><\/div><\/div>\t\t\t\t<\/div>\n\t\t\t\t<\/div>\n\t\t<div class=\"elementor-element elementor-element-210a3ec3 e-flex e-con-boxed e-con e-child\" data-id=\"210a3ec3\" data-element_type=\"container\" data-e-type=\"container\">\n\t\t\t\t\t<div class=\"e-con-inner\">\n\t\t\t\t<div class=\"elementor-element elementor-element-34b23ace elementor-widget elementor-widget-heading\" data-id=\"34b23ace\" data-element_type=\"widget\" data-e-type=\"widget\" data-widget_type=\"heading.default\">\n\t\t\t\t<div class=\"elementor-widget-container\">\n\t\t\t\t\t<h2 class=\"elementor-heading-title elementor-size-default\">Certificaci\u00f3n\n<br>energ\u00e9tica:<\/h2>\t\t\t\t<\/div>\n\t\t\t\t<\/div>\n\t\t\t\t<div class=\"elementor-element elementor-element-2a67d0ca elementor-widget elementor-widget-global elementor-global-12103 elementor-widget-image\" data-id=\"2a67d0ca\" data-element_type=\"widget\" data-e-type=\"widget\" data-widget_type=\"image.default\">\n\t\t\t\t<div class=\"elementor-widget-container\">\n\t\t\t\t\t\t\t\t\t\t\t\t\t\t\t<img decoding=\"async\" width=\"217\" height=\"140\" src=\"https:\/\/omplim.cat\/wp-content\/uploads\/2022\/11\/A.png\" class=\"attachment-full size-full wp-image-12094\" alt=\"\" \/>\t\t\t\t\t\t\t\t\t\t\t\t\t\t\t<\/div>\n\t\t\t\t<\/div>\n\t\t\t\t\t<\/div>\n\t\t\t\t<\/div>\n\t\t\t\t\t<\/div>\n\t\t\t\t<\/div>\n\t\t\t\t\t<\/div>\n\t\t\t\t<\/div>\n\t\t<div class=\"elementor-element elementor-element-aa96e17 e-flex e-con-boxed e-con e-child\" data-id=\"aa96e17\" data-element_type=\"container\" data-e-type=\"container\">\n\t\t\t\t\t<div class=\"e-con-inner\">\n\t\t\t\t<div class=\"elementor-element elementor-element-37b01333 elementor-skin-slideshow elementor-arrows-yes elementor-widget elementor-widget-media-carousel\" data-id=\"37b01333\" data-element_type=\"widget\" data-e-type=\"widget\" data-settings=\"{&quot;skin&quot;:&quot;slideshow&quot;,&quot;centered_slides&quot;:&quot;yes&quot;,&quot;lazyload&quot;:&quot;yes&quot;,&quot;effect&quot;:&quot;slide&quot;,&quot;show_arrows&quot;:&quot;yes&quot;,&quot;speed&quot;:500,&quot;autoplay&quot;:&quot;yes&quot;,&quot;autoplay_speed&quot;:5000,&quot;loop&quot;:&quot;yes&quot;,&quot;pause_on_hover&quot;:&quot;yes&quot;,&quot;pause_on_interaction&quot;:&quot;yes&quot;,&quot;space_between&quot;:{&quot;unit&quot;:&quot;px&quot;,&quot;size&quot;:10,&quot;sizes&quot;:[]},&quot;space_between_tablet&quot;:{&quot;unit&quot;:&quot;px&quot;,&quot;size&quot;:10,&quot;sizes&quot;:[]},&quot;space_between_mobile&quot;:{&quot;unit&quot;:&quot;px&quot;,&quot;size&quot;:10,&quot;sizes&quot;:[]}}\" data-widget_type=\"media-carousel.default\">\n\t\t\t\t<div class=\"elementor-widget-container\">\n\t\t\t\t\t\t\t\t\t<div class=\"elementor-swiper\">\n\t\t\t\t\t<div class=\"elementor-main-swiper swiper\" role=\"region\" aria-roledescription=\"carousel\" aria-label=\"Diapositives\">\n\t\t\t\t<div class=\"swiper-wrapper\">\n\t\t\t\t\t\t\t\t\t\t\t<div class=\"swiper-slide\" role=\"group\" aria-roledescription=\"slide\">\n\t\t\t\t\t\t\t<a href=\"https:\/\/omplim.cat\/wp-content\/uploads\/2022\/11\/20220210_PAF_Prat_V02_2.jpg\" data-elementor-open-lightbox=\"yes\" data-elementor-lightbox-slideshow=\"37b01333\" data-elementor-lightbox-title=\"20220210_PAF_Prat_V02_2\" data-elementor-lightbox-description=\"habitatge cooperatiu\" data-e-action-hash=\"#elementor-action%3Aaction%3Dlightbox%26settings%3DeyJpZCI6MTU1NDUsInVybCI6Imh0dHBzOlwvXC9vbXBsaW0uY2F0XC93cC1jb250ZW50XC91cGxvYWRzXC8yMDIyXC8xMVwvMjAyMjAyMTBfUEFGX1ByYXRfVjAyXzIuanBnIiwic2xpZGVzaG93IjoiMzdiMDEzMzMifQ%3D%3D\">\t\t<div class=\"elementor-carousel-image swiper-lazy\" role=\"img\" aria-label=\"habitatge cooperatiu\" data-background=\"https:\/\/omplim.cat\/wp-content\/uploads\/2022\/11\/20220210_PAF_Prat_V02_2.jpg\">\n\n\t\t\t\t\t\t\t<div class=\"swiper-lazy-preloader\"><\/div>\n\t\t\t\n\t\t\t\t\t<\/div>\n\t\t<\/a>\t\t\t\t\t\t<\/div>\n\t\t\t\t\t\t\t\t\t\t\t<div class=\"swiper-slide\" role=\"group\" aria-roledescription=\"slide\">\n\t\t\t\t\t\t\t<a href=\"https:\/\/omplim.cat\/wp-content\/uploads\/2022\/11\/20220210_PAF_Prat_V05_2.jpg\" data-elementor-open-lightbox=\"yes\" data-elementor-lightbox-slideshow=\"37b01333\" data-elementor-lightbox-title=\"20220210_PAF_Prat_V05_2\" data-elementor-lightbox-description=\"Habitatge cooperatiu\" data-e-action-hash=\"#elementor-action%3Aaction%3Dlightbox%26settings%3DeyJpZCI6MTU1NTEsInVybCI6Imh0dHBzOlwvXC9vbXBsaW0uY2F0XC93cC1jb250ZW50XC91cGxvYWRzXC8yMDIyXC8xMVwvMjAyMjAyMTBfUEFGX1ByYXRfVjA1XzIuanBnIiwic2xpZGVzaG93IjoiMzdiMDEzMzMifQ%3D%3D\">\t\t<div class=\"elementor-carousel-image swiper-lazy\" role=\"img\" aria-label=\"Habitatge cooperatiu\" data-background=\"https:\/\/omplim.cat\/wp-content\/uploads\/2022\/11\/20220210_PAF_Prat_V05_2.jpg\">\n\n\t\t\t\t\t\t\t<div class=\"swiper-lazy-preloader\"><\/div>\n\t\t\t\n\t\t\t\t\t<\/div>\n\t\t<\/a>\t\t\t\t\t\t<\/div>\n\t\t\t\t\t\t\t\t\t\t\t<div class=\"swiper-slide\" role=\"group\" aria-roledescription=\"slide\">\n\t\t\t\t\t\t\t<a href=\"https:\/\/omplim.cat\/wp-content\/uploads\/2022\/11\/20220210_PAF_Prat_V03_2.jpg\" data-elementor-open-lightbox=\"yes\" data-elementor-lightbox-slideshow=\"37b01333\" data-elementor-lightbox-title=\"20220210_PAF_Prat_V03_2\" data-elementor-lightbox-description=\"Habitatge cooperatiu\" data-e-action-hash=\"#elementor-action%3Aaction%3Dlightbox%26settings%3DeyJpZCI6MTU1NDgsInVybCI6Imh0dHBzOlwvXC9vbXBsaW0uY2F0XC93cC1jb250ZW50XC91cGxvYWRzXC8yMDIyXC8xMVwvMjAyMjAyMTBfUEFGX1ByYXRfVjAzXzIuanBnIiwic2xpZGVzaG93IjoiMzdiMDEzMzMifQ%3D%3D\">\t\t<div class=\"elementor-carousel-image swiper-lazy\" role=\"img\" aria-label=\"Habitatge cooperatiu\" data-background=\"https:\/\/omplim.cat\/wp-content\/uploads\/2022\/11\/20220210_PAF_Prat_V03_2.jpg\">\n\n\t\t\t\t\t\t\t<div class=\"swiper-lazy-preloader\"><\/div>\n\t\t\t\n\t\t\t\t\t<\/div>\n\t\t<\/a>\t\t\t\t\t\t<\/div>\n\t\t\t\t\t\t\t\t\t\t\t<div class=\"swiper-slide\" role=\"group\" aria-roledescription=\"slide\">\n\t\t\t\t\t\t\t<a href=\"https:\/\/omplim.cat\/wp-content\/uploads\/2022\/11\/Renders-web-Sta-Perpetua-910-04-1.png\" data-elementor-open-lightbox=\"yes\" data-elementor-lightbox-slideshow=\"37b01333\" data-elementor-lightbox-title=\"Renders web Sta Perpetua 910-04\" data-e-action-hash=\"#elementor-action%3Aaction%3Dlightbox%26settings%3DeyJpZCI6MTM0NTYsInVybCI6Imh0dHBzOlwvXC9vbXBsaW0uY2F0XC93cC1jb250ZW50XC91cGxvYWRzXC8yMDIyXC8xMVwvUmVuZGVycy13ZWItU3RhLVBlcnBldHVhLTkxMC0wNC0xLnBuZyIsInNsaWRlc2hvdyI6IjM3YjAxMzMzIn0%3D\">\t\t<div class=\"elementor-carousel-image swiper-lazy\" role=\"img\" aria-label=\"Renders web Sta Perpetua 910-04\" data-background=\"https:\/\/omplim.cat\/wp-content\/uploads\/2022\/11\/Renders-web-Sta-Perpetua-910-04-1.png\">\n\n\t\t\t\t\t\t\t<div class=\"swiper-lazy-preloader\"><\/div>\n\t\t\t\n\t\t\t\t\t<\/div>\n\t\t<\/a>\t\t\t\t\t\t<\/div>\n\t\t\t\t\t\t\t\t\t\t\t<div class=\"swiper-slide\" role=\"group\" aria-roledescription=\"slide\">\n\t\t\t\t\t\t\t<a href=\"https:\/\/omplim.cat\/wp-content\/uploads\/2022\/11\/20220210_PAF_Prat_V01_4B.jpg\" data-elementor-open-lightbox=\"yes\" data-elementor-lightbox-slideshow=\"37b01333\" data-elementor-lightbox-title=\"20220210_PAF_Prat_V01_4B\" data-elementor-lightbox-description=\"Habitatge cooperatiu\" data-e-action-hash=\"#elementor-action%3Aaction%3Dlightbox%26settings%3DeyJpZCI6MTU1NDIsInVybCI6Imh0dHBzOlwvXC9vbXBsaW0uY2F0XC93cC1jb250ZW50XC91cGxvYWRzXC8yMDIyXC8xMVwvMjAyMjAyMTBfUEFGX1ByYXRfVjAxXzRCLmpwZyIsInNsaWRlc2hvdyI6IjM3YjAxMzMzIn0%3D\">\t\t<div class=\"elementor-carousel-image swiper-lazy\" role=\"img\" aria-label=\"Habitatge cooperatiu\" data-background=\"https:\/\/omplim.cat\/wp-content\/uploads\/2022\/11\/20220210_PAF_Prat_V01_4B.jpg\">\n\n\t\t\t\t\t\t\t<div class=\"swiper-lazy-preloader\"><\/div>\n\t\t\t\n\t\t\t\t\t<\/div>\n\t\t<\/a>\t\t\t\t\t\t<\/div>\n\t\t\t\t\t\t\t\t\t\t\t<div class=\"swiper-slide\" role=\"group\" aria-roledescription=\"slide\">\n\t\t\t\t\t\t\t<a href=\"https:\/\/omplim.cat\/wp-content\/uploads\/2022\/11\/Renders-web-Sta-Perpetua-910-06.png\" data-elementor-open-lightbox=\"yes\" data-elementor-lightbox-slideshow=\"37b01333\" data-elementor-lightbox-title=\"Renders web Sta Perpetua 910-06\" data-e-action-hash=\"#elementor-action%3Aaction%3Dlightbox%26settings%3DeyJpZCI6MTM0NjIsInVybCI6Imh0dHBzOlwvXC9vbXBsaW0uY2F0XC93cC1jb250ZW50XC91cGxvYWRzXC8yMDIyXC8xMVwvUmVuZGVycy13ZWItU3RhLVBlcnBldHVhLTkxMC0wNi5wbmciLCJzbGlkZXNob3ciOiIzN2IwMTMzMyJ9\">\t\t<div class=\"elementor-carousel-image swiper-lazy\" role=\"img\" aria-label=\"Renders web Sta Perpetua 910-06\" data-background=\"https:\/\/omplim.cat\/wp-content\/uploads\/2022\/11\/Renders-web-Sta-Perpetua-910-06.png\">\n\n\t\t\t\t\t\t\t<div class=\"swiper-lazy-preloader\"><\/div>\n\t\t\t\n\t\t\t\t\t<\/div>\n\t\t<\/a>\t\t\t\t\t\t<\/div>\n\t\t\t\t\t\t\t\t\t\t\t<div class=\"swiper-slide\" role=\"group\" aria-roledescription=\"slide\">\n\t\t\t\t\t\t\t\t\t<div class=\"elementor-carousel-image swiper-lazy\" role=\"img\" aria-label=\"Renders web Sta Perpetua 910-07\" data-background=\"https:\/\/omplim.cat\/wp-content\/uploads\/2022\/11\/Renders-web-Sta-Perpetua-910-07.png\">\n\n\t\t\t\t\t\t\t<div class=\"swiper-lazy-preloader\"><\/div>\n\t\t\t\n\t\t\t\t\t<\/div>\n\t\t\t\t\t\t\t\t<\/div>\n\t\t\t\t\t\t\t\t\t\t\t<div class=\"swiper-slide\" role=\"group\" aria-roledescription=\"slide\">\n\t\t\t\t\t\t\t<a href=\"https:\/\/omplim.cat\/wp-content\/uploads\/2022\/11\/Renders-web-Sta-Perpetua-910-08.png\" data-elementor-open-lightbox=\"yes\" data-elementor-lightbox-slideshow=\"37b01333\" data-elementor-lightbox-title=\"Renders web Sta Perpetua 910-08\" data-e-action-hash=\"#elementor-action%3Aaction%3Dlightbox%26settings%3DeyJpZCI6MTM0NjgsInVybCI6Imh0dHBzOlwvXC9vbXBsaW0uY2F0XC93cC1jb250ZW50XC91cGxvYWRzXC8yMDIyXC8xMVwvUmVuZGVycy13ZWItU3RhLVBlcnBldHVhLTkxMC0wOC5wbmciLCJzbGlkZXNob3ciOiIzN2IwMTMzMyJ9\">\t\t<div class=\"elementor-carousel-image swiper-lazy\" role=\"img\" aria-label=\"Renders web Sta Perpetua 910-08\" data-background=\"https:\/\/omplim.cat\/wp-content\/uploads\/2022\/11\/Renders-web-Sta-Perpetua-910-08.png\">\n\n\t\t\t\t\t\t\t<div class=\"swiper-lazy-preloader\"><\/div>\n\t\t\t\n\t\t\t\t\t<\/div>\n\t\t<\/a>\t\t\t\t\t\t<\/div>\n\t\t\t\t\t\t\t\t\t<\/div>\n\t\t\t\t\t\t\t\t\t\t\t\t\t\t\t<div class=\"elementor-swiper-button elementor-swiper-button-prev\" role=\"button\" tabindex=\"0\" aria-label=\"Anterior\">\n\t\t\t\t\t\t\t<i aria-hidden=\"true\" class=\"eicon-chevron-left\"><\/i>\t\t\t\t\t\t<\/div>\n\t\t\t\t\t\t<div class=\"elementor-swiper-button elementor-swiper-button-next\" role=\"button\" tabindex=\"0\" aria-label=\"Siguiente\">\n\t\t\t\t\t\t\t<i aria-hidden=\"true\" class=\"eicon-chevron-right\"><\/i>\t\t\t\t\t\t<\/div>\n\t\t\t\t\t\t\t\t\t\t\t\t\t\t\t\t\t<\/div>\n\t\t\t\t<\/div>\n\t\t\t\t\t\t\t\t<div class=\"elementor-swiper\">\n\t\t\t\t\t<div class=\"elementor-main-swiper swiper elementor-thumbnails-swiper swiper\" role=\"region region\" aria-roledescription=\"carousel carousel\" aria-label=\"Diapositives Diapositives\">\n\t\t\t\t<div class=\"swiper-wrapper\">\n\t\t\t\t\t\t\t\t\t\t\t<div class=\"swiper-slide\" role=\"group\" aria-roledescription=\"slide\">\n\t\t\t\t\t\t\t\t\t<div class=\"elementor-carousel-image swiper-lazy\" role=\"img\" aria-label=\"habitatge cooperatiu\" data-background=\"https:\/\/omplim.cat\/wp-content\/uploads\/2022\/11\/20220210_PAF_Prat_V02_2.jpg\">\n\n\t\t\t\t\t\t\t<div class=\"swiper-lazy-preloader\"><\/div>\n\t\t\t\n\t\t\t\t\t<\/div>\n\t\t<\/a>\t\t\t\t\t\t<\/div>\n\t\t\t\t\t\t\t\t\t\t\t<div class=\"swiper-slide\" role=\"group\" aria-roledescription=\"slide\">\n\t\t\t\t\t\t\t\t\t<div class=\"elementor-carousel-image swiper-lazy\" role=\"img\" aria-label=\"Habitatge cooperatiu\" data-background=\"https:\/\/omplim.cat\/wp-content\/uploads\/2022\/11\/20220210_PAF_Prat_V05_2.jpg\">\n\n\t\t\t\t\t\t\t<div class=\"swiper-lazy-preloader\"><\/div>\n\t\t\t\n\t\t\t\t\t<\/div>\n\t\t<\/a>\t\t\t\t\t\t<\/div>\n\t\t\t\t\t\t\t\t\t\t\t<div class=\"swiper-slide\" role=\"group\" aria-roledescription=\"slide\">\n\t\t\t\t\t\t\t\t\t<div class=\"elementor-carousel-image swiper-lazy\" role=\"img\" aria-label=\"Habitatge cooperatiu\" data-background=\"https:\/\/omplim.cat\/wp-content\/uploads\/2022\/11\/20220210_PAF_Prat_V03_2.jpg\">\n\n\t\t\t\t\t\t\t<div class=\"swiper-lazy-preloader\"><\/div>\n\t\t\t\n\t\t\t\t\t<\/div>\n\t\t<\/a>\t\t\t\t\t\t<\/div>\n\t\t\t\t\t\t\t\t\t\t\t<div class=\"swiper-slide\" role=\"group\" aria-roledescription=\"slide\">\n\t\t\t\t\t\t\t\t\t<div class=\"elementor-carousel-image swiper-lazy\" role=\"img\" aria-label=\"Renders web Sta Perpetua 910-04\" data-background=\"https:\/\/omplim.cat\/wp-content\/uploads\/2022\/11\/Renders-web-Sta-Perpetua-910-04-1.png\">\n\n\t\t\t\t\t\t\t<div class=\"swiper-lazy-preloader\"><\/div>\n\t\t\t\n\t\t\t\t\t<\/div>\n\t\t<\/a>\t\t\t\t\t\t<\/div>\n\t\t\t\t\t\t\t\t\t\t\t<div class=\"swiper-slide\" role=\"group\" aria-roledescription=\"slide\">\n\t\t\t\t\t\t\t\t\t<div class=\"elementor-carousel-image swiper-lazy\" role=\"img\" aria-label=\"Habitatge cooperatiu\" data-background=\"https:\/\/omplim.cat\/wp-content\/uploads\/2022\/11\/20220210_PAF_Prat_V01_4B.jpg\">\n\n\t\t\t\t\t\t\t<div class=\"swiper-lazy-preloader\"><\/div>\n\t\t\t\n\t\t\t\t\t<\/div>\n\t\t<\/a>\t\t\t\t\t\t<\/div>\n\t\t\t\t\t\t\t\t\t\t\t<div class=\"swiper-slide\" role=\"group\" aria-roledescription=\"slide\">\n\t\t\t\t\t\t\t\t\t<div class=\"elementor-carousel-image swiper-lazy\" role=\"img\" aria-label=\"Renders web Sta Perpetua 910-06\" data-background=\"https:\/\/omplim.cat\/wp-content\/uploads\/2022\/11\/Renders-web-Sta-Perpetua-910-06.png\">\n\n\t\t\t\t\t\t\t<div class=\"swiper-lazy-preloader\"><\/div>\n\t\t\t\n\t\t\t\t\t<\/div>\n\t\t<\/a>\t\t\t\t\t\t<\/div>\n\t\t\t\t\t\t\t\t\t\t\t<div class=\"swiper-slide\" role=\"group\" aria-roledescription=\"slide\">\n\t\t\t\t\t\t\t\t\t<div class=\"elementor-carousel-image swiper-lazy\" role=\"img\" aria-label=\"Renders web Sta Perpetua 910-07\" data-background=\"https:\/\/omplim.cat\/wp-content\/uploads\/2022\/11\/Renders-web-Sta-Perpetua-910-07.png\">\n\n\t\t\t\t\t\t\t<div class=\"swiper-lazy-preloader\"><\/div>\n\t\t\t\n\t\t\t\t\t<\/div>\n\t\t\t\t\t\t\t\t<\/div>\n\t\t\t\t\t\t\t\t\t\t\t<div class=\"swiper-slide\" role=\"group\" aria-roledescription=\"slide\">\n\t\t\t\t\t\t\t\t\t<div class=\"elementor-carousel-image swiper-lazy\" role=\"img\" aria-label=\"Renders web Sta Perpetua 910-08\" data-background=\"https:\/\/omplim.cat\/wp-content\/uploads\/2022\/11\/Renders-web-Sta-Perpetua-910-08.png\">\n\n\t\t\t\t\t\t\t<div class=\"swiper-lazy-preloader\"><\/div>\n\t\t\t\n\t\t\t\t\t<\/div>\n\t\t<\/a>\t\t\t\t\t\t<\/div>\n\t\t\t\t\t\t\t\t\t<\/div>\n\t\t\t\t\t\t\t\t\t\t\t\t\t\t\t\t\t\t\t\t\t<\/div>\n\t\t\t\t<\/div>\n\t\t\t\t\t\t\t\t<\/div>\n\t\t\t\t<\/div>\n\t\t\t\t\t<\/div>\n\t\t\t\t<\/div>\n\t\t\t\t\t<\/div>\n\t\t\t\t<\/div>\n\t\t<div class=\"elementor-element elementor-element-29249e19 e-flex e-con-boxed e-con e-parent\" data-id=\"29249e19\" data-element_type=\"container\" data-e-type=\"container\">\n\t\t\t\t\t<div class=\"e-con-inner\">\n\t\t<div class=\"elementor-element elementor-element-6e2771d0 e-con-full e-flex e-con e-child\" data-id=\"6e2771d0\" data-element_type=\"container\" data-e-type=\"container\">\n\t\t\t\t<div class=\"elementor-element elementor-element-635d8939 elementor-widget elementor-widget-heading\" data-id=\"635d8939\" data-element_type=\"widget\" data-e-type=\"widget\" data-widget_type=\"heading.default\">\n\t\t\t\t<div class=\"elementor-widget-container\">\n\t\t\t\t\t<h2 class=\"elementor-heading-title elementor-size-default\">101 viviendas en r\u00e9gimen de alquiler, estable, cooperativo y comunitario.<\/h2>\t\t\t\t<\/div>\n\t\t\t\t<\/div>\n\t\t\t\t<\/div>\n\t\t<div class=\"elementor-element elementor-element-136eae6 e-con-full e-flex e-con e-child\" data-id=\"136eae6\" data-element_type=\"container\" data-e-type=\"container\">\n\t\t\t\t<div class=\"elementor-element elementor-element-18fc92c8 elementor-widget elementor-widget-text-editor\" data-id=\"18fc92c8\" data-element_type=\"widget\" data-e-type=\"widget\" data-widget_type=\"text-editor.default\">\n\t\t\t\t<div class=\"elementor-widget-container\">\n\t\t\t\t\t\t\t\t\t<p>El proyecto <strong>El Prat 011<\/strong> est\u00e1 promovido por la <strong>Cooperativa Obrera de Viviendas del Prat<\/strong> (COV), con la gesti\u00f3n integral a cargo de Omplim, para la promoci\u00f3n de un proyecto de 101 viviendas protegidas de alquiler en la Avenida 11 de Setembre en el Prat de Llobregat.<\/p><p>La COV es una cooperativa de viviendas con m\u00e1s de 55 a\u00f1os de historia que posibilita el acceso a una vivienda digna a familias trabajadoras del Prat ante las dificultades de acceder y que hoy sigue ofreciendo servicios y apoyo a sus m\u00e1s de 1000 socios.<\/p><p>La COV quiere dar respuesta a la situaci\u00f3n de dif\u00edcil <strong>acceso a una vivienda digna<\/strong> para tantas familias, construyendo viviendas protegidas en r\u00e9gimen de alquiler, estable, cooperativo y comunitario. La cooperativa consigui\u00f3 la cesi\u00f3n de un <strong>solar p\u00fablico de 3.300m\u00b2 de superf\u00edcie<\/strong>, que representan <strong>9.860m\u00b2<\/strong> de edificabilidad (un m\u00e1ximo de 101 viviendas). Y es justamente aqu\u00ed donde entra Omplim. Nuestra voluntad es incentivar la promoci\u00f3n de viviendas inclusivas, sostenibles y de calidad.<\/p>\t\t\t\t\t\t\t\t<\/div>\n\t\t\t\t<\/div>\n\t\t\t\t<div class=\"elementor-element elementor-element-7148f8da elementor-widget elementor-widget-spacer\" data-id=\"7148f8da\" data-element_type=\"widget\" data-e-type=\"widget\" data-widget_type=\"spacer.default\">\n\t\t\t\t<div class=\"elementor-widget-container\">\n\t\t\t\t\t\t\t<div class=\"elementor-spacer\">\n\t\t\t<div class=\"elementor-spacer-inner\"><\/div>\n\t\t<\/div>\n\t\t\t\t\t\t<\/div>\n\t\t\t\t<\/div>\n\t\t\t\t<div class=\"elementor-element elementor-element-30a8f792 elementor-align-left elementor-mobile-align-center elementor-widget elementor-widget-button\" data-id=\"30a8f792\" data-element_type=\"widget\" data-e-type=\"widget\" data-widget_type=\"button.default\">\n\t\t\t\t<div class=\"elementor-widget-container\">\n\t\t\t\t\t\t\t\t\t<div class=\"elementor-button-wrapper\">\n\t\t\t\t\t<a class=\"elementor-button elementor-button-link elementor-size-sm elementor-animation-float\" href=\"https:\/\/omplim.cat\/es\/proyectos\/\" target=\"_blank\">\n\t\t\t\t\t\t<span class=\"elementor-button-content-wrapper\">\n\t\t\t\t\t\t\t\t\t<span class=\"elementor-button-text\">Saber m\u00e1s<\/span>\n\t\t\t\t\t<\/span>\n\t\t\t\t\t<\/a>\n\t\t\t\t<\/div>\n\t\t\t\t\t\t\t\t<\/div>\n\t\t\t\t<\/div>\n\t\t\t\t<\/div>\n\t\t\t\t\t<\/div>\n\t\t\t\t<\/div>\n\t\t\t\t<section class=\"elementor-section elementor-top-section elementor-element elementor-element-dc7b121 elementor-section-content-middle elementor-section-boxed elementor-section-height-default elementor-section-height-default\" data-id=\"dc7b121\" data-element_type=\"section\" data-e-type=\"section\" data-settings=\"{&quot;background_background&quot;:&quot;classic&quot;}\">\n\t\t\t\t\t\t<div class=\"elementor-container elementor-column-gap-default\">\n\t\t\t\t\t<div class=\"elementor-column elementor-col-50 elementor-top-column elementor-element elementor-element-91f2885\" data-id=\"91f2885\" data-element_type=\"column\" data-e-type=\"column\">\n\t\t\t<div class=\"elementor-widget-wrap elementor-element-populated\">\n\t\t\t\t\t\t<div class=\"elementor-element elementor-element-8b9ebb8 elementor-widget elementor-widget-heading\" data-id=\"8b9ebb8\" data-element_type=\"widget\" data-e-type=\"widget\" data-widget_type=\"heading.default\">\n\t\t\t\t<div class=\"elementor-widget-container\">\n\t\t\t\t\t<h2 class=\"elementor-heading-title elementor-size-default\">Viviendas resilientes<\/h2>\t\t\t\t<\/div>\n\t\t\t\t<\/div>\n\t\t\t\t<div class=\"elementor-element elementor-element-12a6aa1 elementor-widget elementor-widget-spacer\" data-id=\"12a6aa1\" data-element_type=\"widget\" data-e-type=\"widget\" data-widget_type=\"spacer.default\">\n\t\t\t\t<div class=\"elementor-widget-container\">\n\t\t\t\t\t\t\t<div class=\"elementor-spacer\">\n\t\t\t<div class=\"elementor-spacer-inner\"><\/div>\n\t\t<\/div>\n\t\t\t\t\t\t<\/div>\n\t\t\t\t<\/div>\n\t\t\t\t<div class=\"elementor-element elementor-element-e04cdaf elementor-widget elementor-widget-text-editor\" data-id=\"e04cdaf\" data-element_type=\"widget\" data-e-type=\"widget\" data-widget_type=\"text-editor.default\">\n\t\t\t\t<div class=\"elementor-widget-container\">\n\t\t\t\t\t\t\t\t\t<p>Desde Omplim trabajamos para ofrecer viviendas resilientes, que sean capaces de dar respuesta en t\u00e9rminos de <strong>sostenibilidad ambiental<\/strong>, <strong>social y econ\u00f3mica<\/strong> en un contexto de emergencia clim\u00e1tica y habitacional. Proponemos soluciones que integren principios de <strong>dise\u00f1o inclusivo y ecodise\u00f1o, econom\u00eda circular y biohabitabilidad<\/strong>, con el prop\u00f3sito de mejorar la vida de las personas y del planeta.<\/p>\t\t\t\t\t\t\t\t<\/div>\n\t\t\t\t<\/div>\n\t\t\t\t<div class=\"elementor-element elementor-element-f86dbbd elementor-widget elementor-widget-spacer\" data-id=\"f86dbbd\" data-element_type=\"widget\" data-e-type=\"widget\" data-widget_type=\"spacer.default\">\n\t\t\t\t<div class=\"elementor-widget-container\">\n\t\t\t\t\t\t\t<div class=\"elementor-spacer\">\n\t\t\t<div class=\"elementor-spacer-inner\"><\/div>\n\t\t<\/div>\n\t\t\t\t\t\t<\/div>\n\t\t\t\t<\/div>\n\t\t\t\t<div class=\"elementor-element elementor-element-e6cf767 elementor-align-left elementor-mobile-align-center elementor-widget elementor-widget-button\" data-id=\"e6cf767\" data-element_type=\"widget\" data-e-type=\"widget\" data-widget_type=\"button.default\">\n\t\t\t\t<div class=\"elementor-widget-container\">\n\t\t\t\t\t\t\t\t\t<div class=\"elementor-button-wrapper\">\n\t\t\t\t\t<a class=\"elementor-button elementor-button-link elementor-size-sm elementor-animation-float\" href=\"https:\/\/omplim.cat\/es\/proyectos\/\">\n\t\t\t\t\t\t<span class=\"elementor-button-content-wrapper\">\n\t\t\t\t\t\t\t\t\t<span class=\"elementor-button-text\">Ver m\u00e1s promociones<\/span>\n\t\t\t\t\t<\/span>\n\t\t\t\t\t<\/a>\n\t\t\t\t<\/div>\n\t\t\t\t\t\t\t\t<\/div>\n\t\t\t\t<\/div>\n\t\t\t\t\t<\/div>\n\t\t<\/div>\n\t\t\t\t<div class=\"elementor-column elementor-col-50 elementor-top-column elementor-element elementor-element-8507073\" data-id=\"8507073\" data-element_type=\"column\" data-e-type=\"column\">\n\t\t\t<div class=\"elementor-widget-wrap elementor-element-populated\">\n\t\t\t\t\t\t<div class=\"elementor-element elementor-element-b53be3a elementor-widget elementor-widget-image\" data-id=\"b53be3a\" data-element_type=\"widget\" data-e-type=\"widget\" data-widget_type=\"image.default\">\n\t\t\t\t<div class=\"elementor-widget-container\">\n\t\t\t\t\t\t\t\t\t\t\t\t\t\t\t<img fetchpriority=\"high\" decoding=\"async\" width=\"1532\" height=\"1286\" src=\"https:\/\/omplim.cat\/wp-content\/uploads\/2022\/11\/Habitatges-resilients.png\" class=\"attachment-large size-large wp-image-12086\" alt=\"\" \/>\t\t\t\t\t\t\t\t\t\t\t\t\t\t\t<\/div>\n\t\t\t\t<\/div>\n\t\t\t\t\t<\/div>\n\t\t<\/div>\n\t\t\t\t\t<\/div>\n\t\t<\/section>\n\t\t\t\t<\/div>\n\t\t","protected":false},"excerpt":{"rendered":"<p>Acompa\u00f1amos a la Cooperativa Obrera de Viviendas de El Prat en el desarrollo de 101 nuevas viviendas protegidas de alquiler, gestionando integralmente el proyecto.<\/p>\n","protected":false},"featured_media":16551,"template":"elementor_theme","categories":[119,130,120,123,131,133],"class_list":["post-14197","promocions","type-promocions","status-publish","has-post-thumbnail","hentry","category-analisis-tecnico-legal-y-economico","category-desarrollo-proyecto","category-evaluacion-de-inversion","category-gestion-administracion-publica","category-gestion-construccion","category-gestion-sostenibilidad"],"acf":[],"aioseo_notices":[],"aioseo_head":"\n\t\t<!-- All in One SEO 5.0.1.1 - aioseo.com -->\n\t<meta name=\"description\" content=\"101 viviendas en r\u00e9gimen de alquiler, estable, cooperativo y comunitario. Promoci\u00f3n para la Cooperativa Obrera de Viviendas del Prat (COV).\" \/>\n\t<meta name=\"robots\" content=\"max-image-preview:large\" \/>\n\t<link rel=\"canonical\" href=\"https:\/\/omplim.cat\/es\/promocions\/el-prat\/\" \/>\n\t<meta name=\"generator\" content=\"All in One SEO (AIOSEO) 5.0.1.1\" \/>\n\t\t<meta property=\"og:locale\" content=\"es_ES\" \/>\n\t\t<meta property=\"og:site_name\" content=\"Omplim | Gesti\u00f3 i edificaci\u00f3 responsable\" \/>\n\t\t<meta property=\"og:type\" content=\"article\" \/>\n\t\t<meta property=\"og:title\" content=\"El Prat 011 | Viviendas en r\u00e9gimen de alquiler\" \/>\n\t\t<meta property=\"og:description\" content=\"101 viviendas en r\u00e9gimen de alquiler, estable, cooperativo y comunitario. Promoci\u00f3n para la Cooperativa Obrera de Viviendas del Prat (COV).\" \/>\n\t\t<meta property=\"og:url\" content=\"https:\/\/omplim.cat\/es\/promocions\/el-prat\/\" \/>\n\t\t<meta property=\"og:image\" content=\"https:\/\/omplim.cat\/wp-content\/uploads\/2022\/11\/cropped-Logo-Omplim-negre-1.png\" \/>\n\t\t<meta property=\"og:image:secure_url\" content=\"https:\/\/omplim.cat\/wp-content\/uploads\/2022\/11\/cropped-Logo-Omplim-negre-1.png\" \/>\n\t\t<meta property=\"og:image:width\" content=\"276\" \/>\n\t\t<meta property=\"og:image:height\" content=\"78\" \/>\n\t\t<meta property=\"article:published_time\" content=\"2025-04-25T13:55:09+00:00\" \/>\n\t\t<meta property=\"article:modified_time\" content=\"2025-05-05T08:26:29+00:00\" \/>\n\t\t<meta name=\"twitter:card\" content=\"summary_large_image\" \/>\n\t\t<meta name=\"twitter:title\" content=\"El Prat 011 | Viviendas en r\u00e9gimen de alquiler\" \/>\n\t\t<meta name=\"twitter:description\" content=\"101 viviendas en r\u00e9gimen de alquiler, estable, cooperativo y comunitario. Promoci\u00f3n para la Cooperativa Obrera de Viviendas del Prat (COV).\" \/>\n\t\t<meta name=\"twitter:image\" content=\"https:\/\/omplim.cat\/wp-content\/uploads\/2022\/11\/cropped-Logo-Omplim-negre-1.png\" \/>\n\t\t<script type=\"application\/ld+json\" class=\"aioseo-schema\">\n\t\t\t{\"@context\":\"https:\\\/\\\/schema.org\",\"@graph\":[{\"@type\":\"BreadcrumbList\",\"@id\":\"https:\\\/\\\/omplim.cat\\\/es\\\/promocions\\\/el-prat\\\/#breadcrumblist\",\"itemListElement\":[{\"@type\":\"ListItem\",\"@id\":\"https:\\\/\\\/omplim.cat\\\/es\\\/#listItem\",\"position\":1,\"name\":\"Home\",\"item\":\"https:\\\/\\\/omplim.cat\\\/es\\\/\",\"nextItem\":{\"@type\":\"ListItem\",\"@id\":\"https:\\\/\\\/omplim.cat\\\/es\\\/categoria\\\/analisis-tecnico-legal-y-economico\\\/#listItem\",\"name\":\"An\\u00e1lisis t\\u00e9cnico, legal y econ\\u00f3mico\"}},{\"@type\":\"ListItem\",\"@id\":\"https:\\\/\\\/omplim.cat\\\/es\\\/categoria\\\/analisis-tecnico-legal-y-economico\\\/#listItem\",\"position\":2,\"name\":\"An\\u00e1lisis t\\u00e9cnico, legal y econ\\u00f3mico\",\"item\":\"https:\\\/\\\/omplim.cat\\\/es\\\/categoria\\\/analisis-tecnico-legal-y-economico\\\/\",\"nextItem\":{\"@type\":\"ListItem\",\"@id\":\"https:\\\/\\\/omplim.cat\\\/es\\\/promocions\\\/el-prat\\\/#listItem\",\"name\":\"El Prat 011\"},\"previousItem\":{\"@type\":\"ListItem\",\"@id\":\"https:\\\/\\\/omplim.cat\\\/es\\\/#listItem\",\"name\":\"Home\"}},{\"@type\":\"ListItem\",\"@id\":\"https:\\\/\\\/omplim.cat\\\/es\\\/promocions\\\/el-prat\\\/#listItem\",\"position\":3,\"name\":\"El Prat 011\",\"previousItem\":{\"@type\":\"ListItem\",\"@id\":\"https:\\\/\\\/omplim.cat\\\/es\\\/categoria\\\/analisis-tecnico-legal-y-economico\\\/#listItem\",\"name\":\"An\\u00e1lisis t\\u00e9cnico, legal y econ\\u00f3mico\"}}]},{\"@type\":\"Organization\",\"@id\":\"https:\\\/\\\/omplim.cat\\\/es\\\/#organization\",\"name\":\"Omplim\",\"description\":\"Gesti\\u00f3 i edificaci\\u00f3 responsable\",\"url\":\"https:\\\/\\\/omplim.cat\\\/es\\\/\",\"logo\":{\"@type\":\"ImageObject\",\"url\":\"https:\\\/\\\/omplim.cat\\\/wp-content\\\/uploads\\\/2022\\\/11\\\/Logo-Omplim-negre.png\",\"@id\":\"https:\\\/\\\/omplim.cat\\\/es\\\/promocions\\\/el-prat\\\/#organizationLogo\",\"width\":276,\"height\":78},\"image\":{\"@id\":\"https:\\\/\\\/omplim.cat\\\/es\\\/promocions\\\/el-prat\\\/#organizationLogo\"}},{\"@type\":\"WebPage\",\"@id\":\"https:\\\/\\\/omplim.cat\\\/es\\\/promocions\\\/el-prat\\\/#webpage\",\"url\":\"https:\\\/\\\/omplim.cat\\\/es\\\/promocions\\\/el-prat\\\/\",\"name\":\"El Prat 011 | Viviendas en r\\u00e9gimen de alquiler\",\"description\":\"101 viviendas en r\\u00e9gimen de alquiler, estable, cooperativo y comunitario. Promoci\\u00f3n para la Cooperativa Obrera de Viviendas del Prat (COV).\",\"inLanguage\":\"es-ES\",\"isPartOf\":{\"@id\":\"https:\\\/\\\/omplim.cat\\\/es\\\/#website\"},\"breadcrumb\":{\"@id\":\"https:\\\/\\\/omplim.cat\\\/es\\\/promocions\\\/el-prat\\\/#breadcrumblist\"},\"image\":{\"@type\":\"ImageObject\",\"url\":\"https:\\\/\\\/omplim.cat\\\/wp-content\\\/uploads\\\/2022\\\/11\\\/Prat.png\",\"@id\":\"https:\\\/\\\/omplim.cat\\\/es\\\/promocions\\\/el-prat\\\/#mainImage\",\"width\":516,\"height\":300,\"caption\":\"Cooperativa habitatge\"},\"primaryImageOfPage\":{\"@id\":\"https:\\\/\\\/omplim.cat\\\/es\\\/promocions\\\/el-prat\\\/#mainImage\"},\"datePublished\":\"2025-04-25T13:55:09+00:00\",\"dateModified\":\"2025-05-05T08:26:29+00:00\"},{\"@type\":\"WebSite\",\"@id\":\"https:\\\/\\\/omplim.cat\\\/es\\\/#website\",\"url\":\"https:\\\/\\\/omplim.cat\\\/es\\\/\",\"name\":\"Omplim\",\"description\":\"Gesti\\u00f3 i edificaci\\u00f3 responsable\",\"inLanguage\":\"es-ES\",\"publisher\":{\"@id\":\"https:\\\/\\\/omplim.cat\\\/es\\\/#organization\"}}]}\n\t\t<\/script>\n\t\t<!-- All in One SEO -->\n\n","aioseo_head_json":{"title":"El Prat 011 | Viviendas en r\u00e9gimen de alquiler","description":"101 viviendas en r\u00e9gimen de alquiler, estable, cooperativo y comunitario. Promoci\u00f3n para la Cooperativa Obrera de Viviendas del Prat (COV).","canonical_url":"https:\/\/omplim.cat\/es\/promocions\/el-prat\/","robots":"max-image-preview:large","keywords":"","webmasterTools":{"miscellaneous":""},"schema":{"@context":"https:\/\/schema.org","@graph":[{"@type":"BreadcrumbList","@id":"https:\/\/omplim.cat\/es\/promocions\/el-prat\/#breadcrumblist","itemListElement":[{"@type":"ListItem","@id":"https:\/\/omplim.cat\/es\/#listItem","position":1,"name":"Home","item":"https:\/\/omplim.cat\/es\/","nextItem":{"@type":"ListItem","@id":"https:\/\/omplim.cat\/es\/categoria\/analisis-tecnico-legal-y-economico\/#listItem","name":"An\u00e1lisis t\u00e9cnico, legal y econ\u00f3mico"}},{"@type":"ListItem","@id":"https:\/\/omplim.cat\/es\/categoria\/analisis-tecnico-legal-y-economico\/#listItem","position":2,"name":"An\u00e1lisis t\u00e9cnico, legal y econ\u00f3mico","item":"https:\/\/omplim.cat\/es\/categoria\/analisis-tecnico-legal-y-economico\/","nextItem":{"@type":"ListItem","@id":"https:\/\/omplim.cat\/es\/promocions\/el-prat\/#listItem","name":"El Prat 011"},"previousItem":{"@type":"ListItem","@id":"https:\/\/omplim.cat\/es\/#listItem","name":"Home"}},{"@type":"ListItem","@id":"https:\/\/omplim.cat\/es\/promocions\/el-prat\/#listItem","position":3,"name":"El Prat 011","previousItem":{"@type":"ListItem","@id":"https:\/\/omplim.cat\/es\/categoria\/analisis-tecnico-legal-y-economico\/#listItem","name":"An\u00e1lisis t\u00e9cnico, legal y econ\u00f3mico"}}]},{"@type":"Organization","@id":"https:\/\/omplim.cat\/es\/#organization","name":"Omplim","description":"Gesti\u00f3 i edificaci\u00f3 responsable","url":"https:\/\/omplim.cat\/es\/","logo":{"@type":"ImageObject","url":"https:\/\/omplim.cat\/wp-content\/uploads\/2022\/11\/Logo-Omplim-negre.png","@id":"https:\/\/omplim.cat\/es\/promocions\/el-prat\/#organizationLogo","width":276,"height":78},"image":{"@id":"https:\/\/omplim.cat\/es\/promocions\/el-prat\/#organizationLogo"}},{"@type":"WebPage","@id":"https:\/\/omplim.cat\/es\/promocions\/el-prat\/#webpage","url":"https:\/\/omplim.cat\/es\/promocions\/el-prat\/","name":"El Prat 011 | Viviendas en r\u00e9gimen de alquiler","description":"101 viviendas en r\u00e9gimen de alquiler, estable, cooperativo y comunitario. Promoci\u00f3n para la Cooperativa Obrera de Viviendas del Prat (COV).","inLanguage":"es-ES","isPartOf":{"@id":"https:\/\/omplim.cat\/es\/#website"},"breadcrumb":{"@id":"https:\/\/omplim.cat\/es\/promocions\/el-prat\/#breadcrumblist"},"image":{"@type":"ImageObject","url":"https:\/\/omplim.cat\/wp-content\/uploads\/2022\/11\/Prat.png","@id":"https:\/\/omplim.cat\/es\/promocions\/el-prat\/#mainImage","width":516,"height":300,"caption":"Cooperativa habitatge"},"primaryImageOfPage":{"@id":"https:\/\/omplim.cat\/es\/promocions\/el-prat\/#mainImage"},"datePublished":"2025-04-25T13:55:09+00:00","dateModified":"2025-05-05T08:26:29+00:00"},{"@type":"WebSite","@id":"https:\/\/omplim.cat\/es\/#website","url":"https:\/\/omplim.cat\/es\/","name":"Omplim","description":"Gesti\u00f3 i edificaci\u00f3 responsable","inLanguage":"es-ES","publisher":{"@id":"https:\/\/omplim.cat\/es\/#organization"}}]},"og:locale":"es_ES","og:site_name":"Omplim | Gesti\u00f3 i edificaci\u00f3 responsable","og:type":"article","og:title":"El Prat 011 | Viviendas en r\u00e9gimen de alquiler","og:description":"101 viviendas en r\u00e9gimen de alquiler, estable, cooperativo y comunitario. Promoci\u00f3n para la Cooperativa Obrera de Viviendas del Prat (COV).","og:url":"https:\/\/omplim.cat\/es\/promocions\/el-prat\/","og:image":"https:\/\/omplim.cat\/wp-content\/uploads\/2022\/11\/cropped-Logo-Omplim-negre-1.png","og:image:secure_url":"https:\/\/omplim.cat\/wp-content\/uploads\/2022\/11\/cropped-Logo-Omplim-negre-1.png","og:image:width":276,"og:image:height":78,"article:published_time":"2025-04-25T13:55:09+00:00","article:modified_time":"2025-05-05T08:26:29+00:00","twitter:card":"summary_large_image","twitter:title":"El Prat 011 | Viviendas en r\u00e9gimen de alquiler","twitter:description":"101 viviendas en r\u00e9gimen de alquiler, estable, cooperativo y comunitario. Promoci\u00f3n para la Cooperativa Obrera de Viviendas del Prat (COV).","twitter:image":"https:\/\/omplim.cat\/wp-content\/uploads\/2022\/11\/cropped-Logo-Omplim-negre-1.png"},"aioseo_meta_data":{"post_id":"14197","title":"#post_title #separator_sa Viviendas en r\u00e9gimen de alquiler","description":"101 viviendas en r\u00e9gimen de alquiler, estable, cooperativo y comunitario. Promoci\u00f3n para la Cooperativa Obrera de Viviendas del Prat (COV).","keywords":null,"keyphrases":{"focus":{"keyphrase":"","score":0,"analysis":{"keyphraseInTitle":{"score":0,"maxScore":9,"error":1}}},"additional":[]},"primary_term":null,"canonical_url":null,"og_title":null,"og_description":null,"og_object_type":"default","og_image_type":"default","og_image_url":null,"og_image_width":null,"og_image_height":null,"og_image_custom_url":null,"og_image_custom_fields":null,"og_video":"","og_custom_url":null,"og_article_section":null,"og_article_tags":null,"twitter_use_og":false,"twitter_card":"default","twitter_image_type":"default","twitter_image_url":null,"twitter_image_custom_url":null,"twitter_image_custom_fields":null,"twitter_title":null,"twitter_description":null,"schema":{"blockGraphs":[],"customGraphs":[],"default":{"data":{"Article":[],"Course":[],"Dataset":[],"FAQPage":[],"Movie":[],"Person":[],"Product":[],"ProductReview":[],"Car":[],"Recipe":[],"Service":[],"SoftwareApplication":[],"WebPage":[]},"graphName":"WebPage","isEnabled":true},"graphs":[]},"schema_type":"default","schema_type_options":null,"pillar_content":false,"robots_default":true,"robots_noindex":false,"robots_noarchive":false,"robots_nosnippet":false,"robots_nofollow":false,"robots_noimageindex":false,"robots_noodp":false,"robots_notranslate":false,"robots_max_snippet":"-1","robots_max_videopreview":"-1","robots_max_imagepreview":"large","priority":null,"frequency":"default","local_seo":null,"breadcrumb_settings":null,"limit_modified_date":false,"ai":null,"created":"2023-05-16 10:09:13","updated":"2025-07-25 12:36:27","seo_analyzer_scan_date":null,"focus_keyword":null,"additional_keywords":null,"truseo_locale":null},"aioseo_breadcrumb":"<div class=\"aioseo-breadcrumbs\"><span class=\"aioseo-breadcrumb\">\n\t\t\t<a href=\"https:\/\/omplim.cat\/es\/\" title=\"Home\">Home<\/a>\n\t\t<\/span><span class=\"aioseo-breadcrumb-separator\">&raquo;<\/span><span class=\"aioseo-breadcrumb\">\n\t\t\t<a href=\"https:\/\/omplim.cat\/es\/categoria\/analisis-tecnico-legal-y-economico\/\" title=\"An\u00e1lisis t\u00e9cnico, legal y econ\u00f3mico\">An\u00e1lisis t\u00e9cnico, legal y econ\u00f3mico<\/a>\n\t\t<\/span><span class=\"aioseo-breadcrumb-separator\">&raquo;<\/span><span class=\"aioseo-breadcrumb\">\n\t\t\tEl Prat 011\n\t\t<\/span><\/div>","aioseo_breadcrumb_json":[{"label":"Home","link":"https:\/\/omplim.cat\/es\/"},{"label":"An\u00e1lisis t\u00e9cnico, legal y econ\u00f3mico","link":"https:\/\/omplim.cat\/es\/categoria\/analisis-tecnico-legal-y-economico\/"},{"label":"El Prat 011","link":"https:\/\/omplim.cat\/es\/promocions\/el-prat\/"}],"_links":{"self":[{"href":"https:\/\/omplim.cat\/es\/wp-json\/wp\/v2\/promocions\/14197","targetHints":{"allow":["GET"]}}],"collection":[{"href":"https:\/\/omplim.cat\/es\/wp-json\/wp\/v2\/promocions"}],"about":[{"href":"https:\/\/omplim.cat\/es\/wp-json\/wp\/v2\/types\/promocions"}],"version-history":[{"count":0,"href":"https:\/\/omplim.cat\/es\/wp-json\/wp\/v2\/promocions\/14197\/revisions"}],"wp:featuredmedia":[{"embeddable":true,"href":"https:\/\/omplim.cat\/es\/wp-json\/wp\/v2\/media\/16551"}],"wp:attachment":[{"href":"https:\/\/omplim.cat\/es\/wp-json\/wp\/v2\/media?parent=14197"}],"wp:term":[{"taxonomy":"category","embeddable":true,"href":"https:\/\/omplim.cat\/es\/wp-json\/wp\/v2\/categories?post=14197"}],"curies":[{"name":"wp","href":"https:\/\/api.w.org\/{rel}","templated":true}]}}