{"id":12842,"date":"2025-04-25T13:47:37","date_gmt":"2025-04-25T13:47:37","guid":{"rendered":"https:\/\/omplim.cat\/promocions\/montcada\/"},"modified":"2025-05-05T08:28:51","modified_gmt":"2025-05-05T08:28:51","slug":"montcada","status":"publish","type":"promocions","link":"https:\/\/omplim.cat\/es\/promocions\/montcada\/","title":{"rendered":"Montcada 005"},"content":{"rendered":"\t\t<div data-elementor-type=\"wp-post\" data-elementor-id=\"12842\" class=\"elementor elementor-12842 elementor-11429\" data-elementor-post-type=\"promocions\">\n\t\t\t\t<div class=\"elementor-element elementor-element-99be5e2 e-flex e-con-boxed e-con e-parent\" data-id=\"99be5e2\" data-element_type=\"container\" data-e-type=\"container\">\n\t\t\t\t\t<div class=\"e-con-inner\">\n\t\t<div class=\"elementor-element elementor-element-7a7adc3 e-flex e-con-boxed e-con e-child\" data-id=\"7a7adc3\" data-element_type=\"container\" data-e-type=\"container\">\n\t\t\t\t\t<div class=\"e-con-inner\">\n\t\t\t\t<div class=\"elementor-element elementor-element-bf8a426 elementor-widget elementor-widget-heading\" data-id=\"bf8a426\" data-element_type=\"widget\" data-e-type=\"widget\" data-widget_type=\"heading.default\">\n\t\t\t\t<div class=\"elementor-widget-container\">\n\t\t\t\t\t<h2 class=\"elementor-heading-title elementor-size-default\">Montcada 005<\/h2>\t\t\t\t<\/div>\n\t\t\t\t<\/div>\n\t\t\t\t<div class=\"elementor-element elementor-element-abcd047 elementor-widget elementor-widget-heading\" data-id=\"abcd047\" data-element_type=\"widget\" data-e-type=\"widget\" data-widget_type=\"heading.default\">\n\t\t\t\t<div class=\"elementor-widget-container\">\n\t\t\t\t\t<h2 class=\"elementor-heading-title elementor-size-default\">Promoci\u00f3n de viviendas en venta<\/h2>\t\t\t\t<\/div>\n\t\t\t\t<\/div>\n\t\t\t\t<div class=\"elementor-element elementor-element-22f6b74 elementor-widget elementor-widget-heading\" data-id=\"22f6b74\" data-element_type=\"widget\" data-e-type=\"widget\" data-widget_type=\"heading.default\">\n\t\t\t\t<div class=\"elementor-widget-container\">\n\t\t\t\t\t<h2 class=\"elementor-heading-title elementor-size-default\">Ejecutada<\/h2>\t\t\t\t<\/div>\n\t\t\t\t<\/div>\n\t\t<div class=\"elementor-element elementor-element-480df58 e-flex e-con-boxed e-con e-child\" data-id=\"480df58\" data-element_type=\"container\" data-e-type=\"container\">\n\t\t\t\t\t<div class=\"e-con-inner\">\n\t\t\t\t<div class=\"elementor-element elementor-element-91285bf elementor-widget elementor-widget-image-box\" data-id=\"91285bf\" data-element_type=\"widget\" data-e-type=\"widget\" data-widget_type=\"image-box.default\">\n\t\t\t\t<div class=\"elementor-widget-container\">\n\t\t\t\t\t<div class=\"elementor-image-box-wrapper\"><div class=\"elementor-image-box-content\"><h3 class=\"elementor-image-box-title\">3.800<\/h3><p class=\"elementor-image-box-description\">M2 construidos<\/p><\/div><\/div>\t\t\t\t<\/div>\n\t\t\t\t<\/div>\n\t\t\t\t<div class=\"elementor-element elementor-element-50a8971 elementor-widget elementor-widget-image-box\" data-id=\"50a8971\" data-element_type=\"widget\" data-e-type=\"widget\" data-widget_type=\"image-box.default\">\n\t\t\t\t<div class=\"elementor-widget-container\">\n\t\t\t\t\t<div class=\"elementor-image-box-wrapper\"><div class=\"elementor-image-box-content\"><h3 class=\"elementor-image-box-title\">26<\/h3><p class=\"elementor-image-box-description\">Viviendas<\/p><\/div><\/div>\t\t\t\t<\/div>\n\t\t\t\t<\/div>\n\t\t<div class=\"elementor-element elementor-element-757e4b6 e-flex e-con-boxed e-con e-child\" data-id=\"757e4b6\" data-element_type=\"container\" data-e-type=\"container\">\n\t\t\t\t\t<div class=\"e-con-inner\">\n\t\t\t\t<div class=\"elementor-element elementor-element-0a73965 elementor-widget elementor-widget-heading\" data-id=\"0a73965\" data-element_type=\"widget\" data-e-type=\"widget\" data-widget_type=\"heading.default\">\n\t\t\t\t<div class=\"elementor-widget-container\">\n\t\t\t\t\t<h2 class=\"elementor-heading-title elementor-size-default\">Certificaci\u00f3n\n<br>energ\u00e9tica:<\/h2>\t\t\t\t<\/div>\n\t\t\t\t<\/div>\n\t\t\t\t<div class=\"elementor-element elementor-element-8b54a20 elementor-widget elementor-widget-global elementor-global-12103 elementor-widget-image\" data-id=\"8b54a20\" data-element_type=\"widget\" data-e-type=\"widget\" data-widget_type=\"image.default\">\n\t\t\t\t<div class=\"elementor-widget-container\">\n\t\t\t\t\t\t\t\t\t\t\t\t\t\t\t<img decoding=\"async\" width=\"217\" height=\"140\" src=\"https:\/\/omplim.cat\/wp-content\/uploads\/2022\/11\/A.png\" class=\"attachment-full size-full wp-image-12094\" alt=\"\" \/>\t\t\t\t\t\t\t\t\t\t\t\t\t\t\t<\/div>\n\t\t\t\t<\/div>\n\t\t\t\t\t<\/div>\n\t\t\t\t<\/div>\n\t\t\t\t\t<\/div>\n\t\t\t\t<\/div>\n\t\t\t\t\t<\/div>\n\t\t\t\t<\/div>\n\t\t<div class=\"elementor-element elementor-element-f1d635f e-flex e-con-boxed e-con e-child\" data-id=\"f1d635f\" data-element_type=\"container\" data-e-type=\"container\">\n\t\t\t\t\t<div class=\"e-con-inner\">\n\t\t\t\t<div class=\"elementor-element elementor-element-06f6f9a elementor-skin-slideshow elementor-arrows-yes elementor-widget elementor-widget-media-carousel\" data-id=\"06f6f9a\" data-element_type=\"widget\" data-e-type=\"widget\" data-settings=\"{&quot;skin&quot;:&quot;slideshow&quot;,&quot;centered_slides&quot;:&quot;yes&quot;,&quot;lazyload&quot;:&quot;yes&quot;,&quot;effect&quot;:&quot;slide&quot;,&quot;show_arrows&quot;:&quot;yes&quot;,&quot;speed&quot;:500,&quot;autoplay&quot;:&quot;yes&quot;,&quot;autoplay_speed&quot;:5000,&quot;loop&quot;:&quot;yes&quot;,&quot;pause_on_hover&quot;:&quot;yes&quot;,&quot;pause_on_interaction&quot;:&quot;yes&quot;,&quot;space_between&quot;:{&quot;unit&quot;:&quot;px&quot;,&quot;size&quot;:10,&quot;sizes&quot;:[]},&quot;space_between_tablet&quot;:{&quot;unit&quot;:&quot;px&quot;,&quot;size&quot;:10,&quot;sizes&quot;:[]},&quot;space_between_mobile&quot;:{&quot;unit&quot;:&quot;px&quot;,&quot;size&quot;:10,&quot;sizes&quot;:[]}}\" data-widget_type=\"media-carousel.default\">\n\t\t\t\t<div class=\"elementor-widget-container\">\n\t\t\t\t\t\t\t\t\t<div class=\"elementor-swiper\">\n\t\t\t\t\t<div class=\"elementor-main-swiper swiper\" role=\"region\" aria-roledescription=\"carousel\" aria-label=\"Diapositives\">\n\t\t\t\t<div class=\"swiper-wrapper\">\n\t\t\t\t\t\t\t\t\t\t\t<div class=\"swiper-slide\" role=\"group\" aria-roledescription=\"slide\">\n\t\t\t\t\t\t\t\t\t<div class=\"elementor-carousel-image swiper-lazy\" role=\"img\" aria-label=\"01_menjador Montcada\" data-background=\"https:\/\/omplim.cat\/wp-content\/uploads\/2022\/11\/01_menjador-Montcada.png\">\n\n\t\t\t\t\t\t\t<div class=\"swiper-lazy-preloader\"><\/div>\n\t\t\t\n\t\t\t\t\t<\/div>\n\t\t\t\t\t\t\t\t<\/div>\n\t\t\t\t\t\t\t\t\t\t\t<div class=\"swiper-slide\" role=\"group\" aria-roledescription=\"slide\">\n\t\t\t\t\t\t\t\t\t<div class=\"elementor-carousel-image swiper-lazy\" role=\"img\" aria-label=\"02_cuina montcada\" data-background=\"https:\/\/omplim.cat\/wp-content\/uploads\/2022\/11\/02_cuina-montcada.png\">\n\n\t\t\t\t\t\t\t<div class=\"swiper-lazy-preloader\"><\/div>\n\t\t\t\n\t\t\t\t\t<\/div>\n\t\t\t\t\t\t\t\t<\/div>\n\t\t\t\t\t\t\t\t\t\t\t<div class=\"swiper-slide\" role=\"group\" aria-roledescription=\"slide\">\n\t\t\t\t\t\t\t\t\t<div class=\"elementor-carousel-image swiper-lazy\" role=\"img\" aria-label=\"03_dormitori Montcada\" data-background=\"https:\/\/omplim.cat\/wp-content\/uploads\/2022\/11\/03_dormitori-Montcada.png\">\n\n\t\t\t\t\t\t\t<div class=\"swiper-lazy-preloader\"><\/div>\n\t\t\t\n\t\t\t\t\t<\/div>\n\t\t\t\t\t\t\t\t<\/div>\n\t\t\t\t\t\t\t\t\t\t\t<div class=\"swiper-slide\" role=\"group\" aria-roledescription=\"slide\">\n\t\t\t\t\t\t\t\t\t<div class=\"elementor-carousel-image swiper-lazy\" role=\"img\" aria-label=\"04_exterior Montcada\" data-background=\"https:\/\/omplim.cat\/wp-content\/uploads\/2022\/11\/04_exterior-Montcada.png\">\n\n\t\t\t\t\t\t\t<div class=\"swiper-lazy-preloader\"><\/div>\n\t\t\t\n\t\t\t\t\t<\/div>\n\t\t\t\t\t\t\t\t<\/div>\n\t\t\t\t\t\t\t\t\t\t\t<div class=\"swiper-slide\" role=\"group\" aria-roledescription=\"slide\">\n\t\t\t\t\t\t\t\t\t<div class=\"elementor-carousel-image swiper-lazy\" role=\"img\" aria-label=\"05_exterior Montcada\" data-background=\"https:\/\/omplim.cat\/wp-content\/uploads\/2022\/11\/05_exterior-Montcada.png\">\n\n\t\t\t\t\t\t\t<div class=\"swiper-lazy-preloader\"><\/div>\n\t\t\t\n\t\t\t\t\t<\/div>\n\t\t\t\t\t\t\t\t<\/div>\n\t\t\t\t\t\t\t\t\t\t\t<div class=\"swiper-slide\" role=\"group\" aria-roledescription=\"slide\">\n\t\t\t\t\t\t\t\t\t<div class=\"elementor-carousel-image swiper-lazy\" role=\"img\" aria-label=\"06_exterior Montcada\" data-background=\"https:\/\/omplim.cat\/wp-content\/uploads\/2022\/11\/06_exterior-Montcada.png\">\n\n\t\t\t\t\t\t\t<div class=\"swiper-lazy-preloader\"><\/div>\n\t\t\t\n\t\t\t\t\t<\/div>\n\t\t\t\t\t\t\t\t<\/div>\n\t\t\t\t\t\t\t\t\t\t\t<div class=\"swiper-slide\" role=\"group\" aria-roledescription=\"slide\">\n\t\t\t\t\t\t\t\t\t<div class=\"elementor-carousel-image swiper-lazy\" role=\"img\" aria-label=\"07_menjador Montcada\" data-background=\"https:\/\/omplim.cat\/wp-content\/uploads\/2022\/11\/07_menjador-Montcada.png\">\n\n\t\t\t\t\t\t\t<div class=\"swiper-lazy-preloader\"><\/div>\n\t\t\t\n\t\t\t\t\t<\/div>\n\t\t\t\t\t\t\t\t<\/div>\n\t\t\t\t\t\t\t\t\t\t\t<div class=\"swiper-slide\" role=\"group\" aria-roledescription=\"slide\">\n\t\t\t\t\t\t\t\t\t<div class=\"elementor-carousel-image swiper-lazy\" role=\"img\" aria-label=\"08_habitacio Montcada\" data-background=\"https:\/\/omplim.cat\/wp-content\/uploads\/2022\/11\/08_habitacio-Montcada.png\">\n\n\t\t\t\t\t\t\t<div class=\"swiper-lazy-preloader\"><\/div>\n\t\t\t\n\t\t\t\t\t<\/div>\n\t\t\t\t\t\t\t\t<\/div>\n\t\t\t\t\t\t\t\t\t\t\t<div class=\"swiper-slide\" role=\"group\" aria-roledescription=\"slide\">\n\t\t\t\t\t\t\t\t\t<div class=\"elementor-carousel-image swiper-lazy\" role=\"img\" aria-label=\"09_habitacio Montcada\" data-background=\"https:\/\/omplim.cat\/wp-content\/uploads\/2022\/11\/09_habitacio-Montcada.png\">\n\n\t\t\t\t\t\t\t<div class=\"swiper-lazy-preloader\"><\/div>\n\t\t\t\n\t\t\t\t\t<\/div>\n\t\t\t\t\t\t\t\t<\/div>\n\t\t\t\t\t\t\t\t\t\t\t<div class=\"swiper-slide\" role=\"group\" aria-roledescription=\"slide\">\n\t\t\t\t\t\t\t\t\t<div class=\"elementor-carousel-image swiper-lazy\" role=\"img\" aria-label=\"10_lavabo Montcada\" data-background=\"https:\/\/omplim.cat\/wp-content\/uploads\/2022\/11\/10_lavabo-Montcada.png\">\n\n\t\t\t\t\t\t\t<div class=\"swiper-lazy-preloader\"><\/div>\n\t\t\t\n\t\t\t\t\t<\/div>\n\t\t\t\t\t\t\t\t<\/div>\n\t\t\t\t\t\t\t\t\t\t\t<div class=\"swiper-slide\" role=\"group\" aria-roledescription=\"slide\">\n\t\t\t\t\t\t\t\t\t<div class=\"elementor-carousel-image swiper-lazy\" role=\"img\" aria-label=\"11_lavabo Montcada\" data-background=\"https:\/\/omplim.cat\/wp-content\/uploads\/2022\/11\/11_lavabo-Montcada.png\">\n\n\t\t\t\t\t\t\t<div class=\"swiper-lazy-preloader\"><\/div>\n\t\t\t\n\t\t\t\t\t<\/div>\n\t\t\t\t\t\t\t\t<\/div>\n\t\t\t\t\t\t\t\t\t\t\t<div class=\"swiper-slide\" role=\"group\" aria-roledescription=\"slide\">\n\t\t\t\t\t\t\t\t\t<div class=\"elementor-carousel-image swiper-lazy\" role=\"img\" aria-label=\"12_cuina Montcada\" data-background=\"https:\/\/omplim.cat\/wp-content\/uploads\/2022\/11\/12_cuina-Montcada.png\">\n\n\t\t\t\t\t\t\t<div class=\"swiper-lazy-preloader\"><\/div>\n\t\t\t\n\t\t\t\t\t<\/div>\n\t\t\t\t\t\t\t\t<\/div>\n\t\t\t\t\t\t\t\t\t\t\t<div class=\"swiper-slide\" role=\"group\" aria-roledescription=\"slide\">\n\t\t\t\t\t\t\t\t\t<div class=\"elementor-carousel-image swiper-lazy\" role=\"img\" aria-label=\"13_cuina Montcada\" data-background=\"https:\/\/omplim.cat\/wp-content\/uploads\/2022\/11\/13_cuina-Montcada.png\">\n\n\t\t\t\t\t\t\t<div class=\"swiper-lazy-preloader\"><\/div>\n\t\t\t\n\t\t\t\t\t<\/div>\n\t\t\t\t\t\t\t\t<\/div>\n\t\t\t\t\t\t\t\t\t\t\t<div class=\"swiper-slide\" role=\"group\" aria-roledescription=\"slide\">\n\t\t\t\t\t\t\t\t\t<div class=\"elementor-carousel-image swiper-lazy\" role=\"img\" aria-label=\"14_Balco Montcada\" data-background=\"https:\/\/omplim.cat\/wp-content\/uploads\/2022\/11\/14_Balco-Montcada.png\">\n\n\t\t\t\t\t\t\t<div class=\"swiper-lazy-preloader\"><\/div>\n\t\t\t\n\t\t\t\t\t<\/div>\n\t\t\t\t\t\t\t\t<\/div>\n\t\t\t\t\t\t\t\t\t\t\t<div class=\"swiper-slide\" role=\"group\" aria-roledescription=\"slide\">\n\t\t\t\t\t\t\t\t\t<div class=\"elementor-carousel-image swiper-lazy\" role=\"img\" aria-label=\"15_Parking Montcada\" data-background=\"https:\/\/omplim.cat\/wp-content\/uploads\/2022\/11\/15_Parking-Montcada.png\">\n\n\t\t\t\t\t\t\t<div class=\"swiper-lazy-preloader\"><\/div>\n\t\t\t\n\t\t\t\t\t<\/div>\n\t\t\t\t\t\t\t\t<\/div>\n\t\t\t\t\t\t\t\t\t<\/div>\n\t\t\t\t\t\t\t\t\t\t\t\t\t\t\t<div class=\"elementor-swiper-button elementor-swiper-button-prev\" role=\"button\" tabindex=\"0\" aria-label=\"Anterior\">\n\t\t\t\t\t\t\t<i aria-hidden=\"true\" class=\"eicon-chevron-left\"><\/i>\t\t\t\t\t\t<\/div>\n\t\t\t\t\t\t<div class=\"elementor-swiper-button elementor-swiper-button-next\" role=\"button\" tabindex=\"0\" aria-label=\"Siguiente\">\n\t\t\t\t\t\t\t<i aria-hidden=\"true\" class=\"eicon-chevron-right\"><\/i>\t\t\t\t\t\t<\/div>\n\t\t\t\t\t\t\t\t\t\t\t\t\t\t\t\t\t<\/div>\n\t\t\t\t<\/div>\n\t\t\t\t\t\t\t\t<div class=\"elementor-swiper\">\n\t\t\t\t\t<div class=\"elementor-main-swiper swiper elementor-thumbnails-swiper swiper\" role=\"region region\" aria-roledescription=\"carousel carousel\" aria-label=\"Diapositives Diapositives\">\n\t\t\t\t<div class=\"swiper-wrapper\">\n\t\t\t\t\t\t\t\t\t\t\t<div class=\"swiper-slide\" role=\"group\" aria-roledescription=\"slide\">\n\t\t\t\t\t\t\t\t\t<div class=\"elementor-carousel-image swiper-lazy\" role=\"img\" aria-label=\"01_menjador Montcada\" data-background=\"https:\/\/omplim.cat\/wp-content\/uploads\/2022\/11\/01_menjador-Montcada.png\">\n\n\t\t\t\t\t\t\t<div class=\"swiper-lazy-preloader\"><\/div>\n\t\t\t\n\t\t\t\t\t<\/div>\n\t\t\t\t\t\t\t\t<\/div>\n\t\t\t\t\t\t\t\t\t\t\t<div class=\"swiper-slide\" role=\"group\" aria-roledescription=\"slide\">\n\t\t\t\t\t\t\t\t\t<div class=\"elementor-carousel-image swiper-lazy\" role=\"img\" aria-label=\"02_cuina montcada\" data-background=\"https:\/\/omplim.cat\/wp-content\/uploads\/2022\/11\/02_cuina-montcada.png\">\n\n\t\t\t\t\t\t\t<div class=\"swiper-lazy-preloader\"><\/div>\n\t\t\t\n\t\t\t\t\t<\/div>\n\t\t\t\t\t\t\t\t<\/div>\n\t\t\t\t\t\t\t\t\t\t\t<div class=\"swiper-slide\" role=\"group\" aria-roledescription=\"slide\">\n\t\t\t\t\t\t\t\t\t<div class=\"elementor-carousel-image swiper-lazy\" role=\"img\" aria-label=\"03_dormitori Montcada\" data-background=\"https:\/\/omplim.cat\/wp-content\/uploads\/2022\/11\/03_dormitori-Montcada.png\">\n\n\t\t\t\t\t\t\t<div class=\"swiper-lazy-preloader\"><\/div>\n\t\t\t\n\t\t\t\t\t<\/div>\n\t\t\t\t\t\t\t\t<\/div>\n\t\t\t\t\t\t\t\t\t\t\t<div class=\"swiper-slide\" role=\"group\" aria-roledescription=\"slide\">\n\t\t\t\t\t\t\t\t\t<div class=\"elementor-carousel-image swiper-lazy\" role=\"img\" aria-label=\"04_exterior Montcada\" data-background=\"https:\/\/omplim.cat\/wp-content\/uploads\/2022\/11\/04_exterior-Montcada.png\">\n\n\t\t\t\t\t\t\t<div class=\"swiper-lazy-preloader\"><\/div>\n\t\t\t\n\t\t\t\t\t<\/div>\n\t\t\t\t\t\t\t\t<\/div>\n\t\t\t\t\t\t\t\t\t\t\t<div class=\"swiper-slide\" role=\"group\" aria-roledescription=\"slide\">\n\t\t\t\t\t\t\t\t\t<div class=\"elementor-carousel-image swiper-lazy\" role=\"img\" aria-label=\"05_exterior Montcada\" data-background=\"https:\/\/omplim.cat\/wp-content\/uploads\/2022\/11\/05_exterior-Montcada.png\">\n\n\t\t\t\t\t\t\t<div class=\"swiper-lazy-preloader\"><\/div>\n\t\t\t\n\t\t\t\t\t<\/div>\n\t\t\t\t\t\t\t\t<\/div>\n\t\t\t\t\t\t\t\t\t\t\t<div class=\"swiper-slide\" role=\"group\" aria-roledescription=\"slide\">\n\t\t\t\t\t\t\t\t\t<div class=\"elementor-carousel-image swiper-lazy\" role=\"img\" aria-label=\"06_exterior Montcada\" data-background=\"https:\/\/omplim.cat\/wp-content\/uploads\/2022\/11\/06_exterior-Montcada.png\">\n\n\t\t\t\t\t\t\t<div class=\"swiper-lazy-preloader\"><\/div>\n\t\t\t\n\t\t\t\t\t<\/div>\n\t\t\t\t\t\t\t\t<\/div>\n\t\t\t\t\t\t\t\t\t\t\t<div class=\"swiper-slide\" role=\"group\" aria-roledescription=\"slide\">\n\t\t\t\t\t\t\t\t\t<div class=\"elementor-carousel-image swiper-lazy\" role=\"img\" aria-label=\"07_menjador Montcada\" data-background=\"https:\/\/omplim.cat\/wp-content\/uploads\/2022\/11\/07_menjador-Montcada.png\">\n\n\t\t\t\t\t\t\t<div class=\"swiper-lazy-preloader\"><\/div>\n\t\t\t\n\t\t\t\t\t<\/div>\n\t\t\t\t\t\t\t\t<\/div>\n\t\t\t\t\t\t\t\t\t\t\t<div class=\"swiper-slide\" role=\"group\" aria-roledescription=\"slide\">\n\t\t\t\t\t\t\t\t\t<div class=\"elementor-carousel-image swiper-lazy\" role=\"img\" aria-label=\"08_habitacio Montcada\" data-background=\"https:\/\/omplim.cat\/wp-content\/uploads\/2022\/11\/08_habitacio-Montcada.png\">\n\n\t\t\t\t\t\t\t<div class=\"swiper-lazy-preloader\"><\/div>\n\t\t\t\n\t\t\t\t\t<\/div>\n\t\t\t\t\t\t\t\t<\/div>\n\t\t\t\t\t\t\t\t\t\t\t<div class=\"swiper-slide\" role=\"group\" aria-roledescription=\"slide\">\n\t\t\t\t\t\t\t\t\t<div class=\"elementor-carousel-image swiper-lazy\" role=\"img\" aria-label=\"09_habitacio Montcada\" data-background=\"https:\/\/omplim.cat\/wp-content\/uploads\/2022\/11\/09_habitacio-Montcada.png\">\n\n\t\t\t\t\t\t\t<div class=\"swiper-lazy-preloader\"><\/div>\n\t\t\t\n\t\t\t\t\t<\/div>\n\t\t\t\t\t\t\t\t<\/div>\n\t\t\t\t\t\t\t\t\t\t\t<div class=\"swiper-slide\" role=\"group\" aria-roledescription=\"slide\">\n\t\t\t\t\t\t\t\t\t<div class=\"elementor-carousel-image swiper-lazy\" role=\"img\" aria-label=\"10_lavabo Montcada\" data-background=\"https:\/\/omplim.cat\/wp-content\/uploads\/2022\/11\/10_lavabo-Montcada.png\">\n\n\t\t\t\t\t\t\t<div class=\"swiper-lazy-preloader\"><\/div>\n\t\t\t\n\t\t\t\t\t<\/div>\n\t\t\t\t\t\t\t\t<\/div>\n\t\t\t\t\t\t\t\t\t\t\t<div class=\"swiper-slide\" role=\"group\" aria-roledescription=\"slide\">\n\t\t\t\t\t\t\t\t\t<div class=\"elementor-carousel-image swiper-lazy\" role=\"img\" aria-label=\"11_lavabo Montcada\" data-background=\"https:\/\/omplim.cat\/wp-content\/uploads\/2022\/11\/11_lavabo-Montcada.png\">\n\n\t\t\t\t\t\t\t<div class=\"swiper-lazy-preloader\"><\/div>\n\t\t\t\n\t\t\t\t\t<\/div>\n\t\t\t\t\t\t\t\t<\/div>\n\t\t\t\t\t\t\t\t\t\t\t<div class=\"swiper-slide\" role=\"group\" aria-roledescription=\"slide\">\n\t\t\t\t\t\t\t\t\t<div class=\"elementor-carousel-image swiper-lazy\" role=\"img\" aria-label=\"12_cuina Montcada\" data-background=\"https:\/\/omplim.cat\/wp-content\/uploads\/2022\/11\/12_cuina-Montcada.png\">\n\n\t\t\t\t\t\t\t<div class=\"swiper-lazy-preloader\"><\/div>\n\t\t\t\n\t\t\t\t\t<\/div>\n\t\t\t\t\t\t\t\t<\/div>\n\t\t\t\t\t\t\t\t\t\t\t<div class=\"swiper-slide\" role=\"group\" aria-roledescription=\"slide\">\n\t\t\t\t\t\t\t\t\t<div class=\"elementor-carousel-image swiper-lazy\" role=\"img\" aria-label=\"13_cuina Montcada\" data-background=\"https:\/\/omplim.cat\/wp-content\/uploads\/2022\/11\/13_cuina-Montcada.png\">\n\n\t\t\t\t\t\t\t<div class=\"swiper-lazy-preloader\"><\/div>\n\t\t\t\n\t\t\t\t\t<\/div>\n\t\t\t\t\t\t\t\t<\/div>\n\t\t\t\t\t\t\t\t\t\t\t<div class=\"swiper-slide\" role=\"group\" aria-roledescription=\"slide\">\n\t\t\t\t\t\t\t\t\t<div class=\"elementor-carousel-image swiper-lazy\" role=\"img\" aria-label=\"14_Balco Montcada\" data-background=\"https:\/\/omplim.cat\/wp-content\/uploads\/2022\/11\/14_Balco-Montcada.png\">\n\n\t\t\t\t\t\t\t<div class=\"swiper-lazy-preloader\"><\/div>\n\t\t\t\n\t\t\t\t\t<\/div>\n\t\t\t\t\t\t\t\t<\/div>\n\t\t\t\t\t\t\t\t\t\t\t<div class=\"swiper-slide\" role=\"group\" aria-roledescription=\"slide\">\n\t\t\t\t\t\t\t\t\t<div class=\"elementor-carousel-image swiper-lazy\" role=\"img\" aria-label=\"15_Parking Montcada\" data-background=\"https:\/\/omplim.cat\/wp-content\/uploads\/2022\/11\/15_Parking-Montcada.png\">\n\n\t\t\t\t\t\t\t<div class=\"swiper-lazy-preloader\"><\/div>\n\t\t\t\n\t\t\t\t\t<\/div>\n\t\t\t\t\t\t\t\t<\/div>\n\t\t\t\t\t\t\t\t\t<\/div>\n\t\t\t\t\t\t\t\t\t\t\t\t\t\t\t\t\t\t\t\t\t<\/div>\n\t\t\t\t<\/div>\n\t\t\t\t\t\t\t\t<\/div>\n\t\t\t\t<\/div>\n\t\t\t\t\t<\/div>\n\t\t\t\t<\/div>\n\t\t\t\t\t<\/div>\n\t\t\t\t<\/div>\n\t\t<div class=\"elementor-element elementor-element-cee9f44 e-flex e-con-boxed e-con e-parent\" data-id=\"cee9f44\" data-element_type=\"container\" data-e-type=\"container\">\n\t\t\t\t\t<div class=\"e-con-inner\">\n\t\t<div class=\"elementor-element elementor-element-a70df4b e-con-full e-flex e-con e-child\" data-id=\"a70df4b\" data-element_type=\"container\" data-e-type=\"container\">\n\t\t\t\t<div class=\"elementor-element elementor-element-235fdbb elementor-widget elementor-widget-heading\" data-id=\"235fdbb\" data-element_type=\"widget\" data-e-type=\"widget\" data-widget_type=\"heading.default\">\n\t\t\t\t<div class=\"elementor-widget-container\">\n\t\t\t\t\t<h2 class=\"elementor-heading-title elementor-size-default\">Pisos de 2 y 3 dormitorios, \u00e1ticos, plazas de aparcamiento y trasteros<\/h2>\t\t\t\t<\/div>\n\t\t\t\t<\/div>\n\t\t\t\t<\/div>\n\t\t<div class=\"elementor-element elementor-element-af43978 e-con-full e-flex e-con e-child\" data-id=\"af43978\" data-element_type=\"container\" data-e-type=\"container\">\n\t\t\t\t<div class=\"elementor-element elementor-element-1a864b5 elementor-widget elementor-widget-text-editor\" data-id=\"1a864b5\" data-element_type=\"widget\" data-e-type=\"widget\" data-widget_type=\"text-editor.default\">\n\t\t\t\t<div class=\"elementor-widget-container\">\n\t\t\t\t\t\t\t\t\t<p>La comunidad de vecinos de Montcada 005 se encuentra en la calle Pablo Picasso n.5, de <strong>Montcada i Reixac<\/strong>, en el <strong>barrio de Mas Rampinyo<\/strong>, muy pr\u00f3ximo a la carretera de Ripollet. Las viviendas se dise\u00f1aron con el objetivo de minimizar el consumo energ\u00e9tico y la huella de carbono, ofrecer un hogar de calidad y ayudar a sus habitantes a mejorar su calidad de vida.<br><br>Montcada 005 es un edificio aislado de forma rectangular orientado a cuatro vientos delante del Parque de la Llacuna. Este acoge a <strong>26 viviendas, 12 trasteros y 20 plazas de aparcamiento<\/strong> en la planta s\u00f3tano con <strong>preinstalaci\u00f3n para carga de veh\u00edculos el\u00e9ctricos,<\/strong> y una zona exterior privada destinada al<strong>aparcamiento de bicicletas i\/o patinetes.<\/strong><\/p>\t\t\t\t\t\t\t\t<\/div>\n\t\t\t\t<\/div>\n\t\t\t\t<div class=\"elementor-element elementor-element-cbcd187 elementor-widget elementor-widget-spacer\" data-id=\"cbcd187\" data-element_type=\"widget\" data-e-type=\"widget\" data-widget_type=\"spacer.default\">\n\t\t\t\t<div class=\"elementor-widget-container\">\n\t\t\t\t\t\t\t<div class=\"elementor-spacer\">\n\t\t\t<div class=\"elementor-spacer-inner\"><\/div>\n\t\t<\/div>\n\t\t\t\t\t\t<\/div>\n\t\t\t\t<\/div>\n\t\t\t\t<div class=\"elementor-element elementor-element-5ff18ce elementor-align-left elementor-mobile-align-center elementor-widget elementor-widget-button\" data-id=\"5ff18ce\" data-element_type=\"widget\" data-e-type=\"widget\" data-widget_type=\"button.default\">\n\t\t\t\t<div class=\"elementor-widget-container\">\n\t\t\t\t\t\t\t\t\t<div class=\"elementor-button-wrapper\">\n\t\t\t\t\t<a class=\"elementor-button elementor-button-link elementor-size-sm elementor-animation-float\" href=\"https:\/\/drive.google.com\/file\/d\/1wdFanEiDlFMgBafWcKdBVGTcCdv9wbOA\/view?usp=sharing\" target=\"_blank\">\n\t\t\t\t\t\t<span class=\"elementor-button-content-wrapper\">\n\t\t\t\t\t\t\t\t\t<span class=\"elementor-button-text\">Dossier de promoci\u00f3n<\/span>\n\t\t\t\t\t<\/span>\n\t\t\t\t\t<\/a>\n\t\t\t\t<\/div>\n\t\t\t\t\t\t\t\t<\/div>\n\t\t\t\t<\/div>\n\t\t\t\t<\/div>\n\t\t\t\t\t<\/div>\n\t\t\t\t<\/div>\n\t\t<div class=\"elementor-element elementor-element-f9038f4 e-flex e-con-boxed e-con e-parent\" data-id=\"f9038f4\" data-element_type=\"container\" data-e-type=\"container\">\n\t\t\t\t\t<div class=\"e-con-inner\">\n\t\t<div class=\"elementor-element elementor-element-b643713 e-con-full e-flex e-con e-child\" data-id=\"b643713\" data-element_type=\"container\" data-e-type=\"container\">\n\t\t\t\t<div class=\"elementor-element elementor-element-1934c6a elementor-widget elementor-widget-heading\" data-id=\"1934c6a\" data-element_type=\"widget\" data-e-type=\"widget\" data-widget_type=\"heading.default\">\n\t\t\t\t<div class=\"elementor-widget-container\">\n\t\t\t\t\t<h2 class=\"elementor-heading-title elementor-size-default\">Hogares construidos para potenciar la m\u00e1xima eficiencia energ\u00e9tica<\/h2>\t\t\t\t<\/div>\n\t\t\t\t<\/div>\n\t\t\t\t<\/div>\n\t\t<div class=\"elementor-element elementor-element-312dc73 e-con-full e-flex e-con e-child\" data-id=\"312dc73\" data-element_type=\"container\" data-e-type=\"container\">\n\t\t\t\t<div class=\"elementor-element elementor-element-a349711 elementor-widget elementor-widget-text-editor\" data-id=\"a349711\" data-element_type=\"widget\" data-e-type=\"widget\" data-widget_type=\"text-editor.default\">\n\t\t\t\t<div class=\"elementor-widget-container\">\n\t\t\t\t\t\t\t\t\t<p>El edificio Montcada 005 est\u00e1 certificado con la etiqueta <strong>de eficiencia energ\u00e9tica A en emisiones y consumos<\/strong>, emitida por l\u2019ICAEN. Para la realizaci\u00f3n de esta certificaci\u00f3n, se ha contado con el asesoramiento externo de la cooperativa de trabajo Societat Org\u00e0nica; organizaci\u00f3n que trabaja en el \u00e1mbito de la edificaci\u00f3n y la sostenibilidad en actividades de investigaci\u00f3n, consultoria, comunicaci\u00f3n, desarrollo de herramientas de trabajo propias y generaci\u00f3n de informaci\u00f3n sobre flujos materiales que permiten reflexionar y avanzar hacia nuevos modelos sostenibles.<\/p><p>La calificaci\u00f3n energ\u00e9tica A permite vivir en un <strong>hogar muy eficiente, con un gasto anual de energ\u00eda mucho m\u00e1s bajo y sin la utilizaci\u00f3n de combustibles f\u00f3siles<\/strong> durante la vida \u00fatil de las viviendas de Montcada 005.<\/p>\t\t\t\t\t\t\t\t<\/div>\n\t\t\t\t<\/div>\n\t\t\t\t<div class=\"elementor-element elementor-element-c7cb9ea elementor-widget elementor-widget-spacer\" data-id=\"c7cb9ea\" data-element_type=\"widget\" data-e-type=\"widget\" data-widget_type=\"spacer.default\">\n\t\t\t\t<div class=\"elementor-widget-container\">\n\t\t\t\t\t\t\t<div class=\"elementor-spacer\">\n\t\t\t<div class=\"elementor-spacer-inner\"><\/div>\n\t\t<\/div>\n\t\t\t\t\t\t<\/div>\n\t\t\t\t<\/div>\n\t\t\t\t<div class=\"elementor-element elementor-element-e2c3745 elementor-widget elementor-widget-image\" data-id=\"e2c3745\" data-element_type=\"widget\" data-e-type=\"widget\" data-widget_type=\"image.default\">\n\t\t\t\t<div class=\"elementor-widget-container\">\n\t\t\t\t\t\t\t\t\t\t\t\t\t\t\t<img decoding=\"async\" width=\"217\" height=\"140\" src=\"https:\/\/omplim.cat\/wp-content\/uploads\/2022\/11\/A.png\" class=\"attachment-full size-full wp-image-12094\" alt=\"\" \/>\t\t\t\t\t\t\t\t\t\t\t\t\t\t\t<\/div>\n\t\t\t\t<\/div>\n\t\t\t\t<\/div>\n\t\t\t\t\t<\/div>\n\t\t\t\t<\/div>\n\t\t<div class=\"elementor-element elementor-element-a2bf26b e-flex e-con-boxed e-con e-parent\" data-id=\"a2bf26b\" data-element_type=\"container\" data-e-type=\"container\">\n\t\t\t\t\t<div class=\"e-con-inner\">\n\t\t<div class=\"elementor-element elementor-element-caa3295 e-con-full e-flex e-con e-child\" data-id=\"caa3295\" data-element_type=\"container\" data-e-type=\"container\">\n\t\t\t\t<div class=\"elementor-element elementor-element-4161085 elementor-widget elementor-widget-heading\" data-id=\"4161085\" data-element_type=\"widget\" data-e-type=\"widget\" data-widget_type=\"heading.default\">\n\t\t\t\t<div class=\"elementor-widget-container\">\n\t\t\t\t\t<h2 class=\"elementor-heading-title elementor-size-default\">Viviendas dise\u00f1adas para obtener el m\u00e1ximo ahorro energ\u00e9tico y reducir su huella ecol\u00f3gica.<\/h2>\t\t\t\t<\/div>\n\t\t\t\t<\/div>\n\t\t\t\t<\/div>\n\t\t<div class=\"elementor-element elementor-element-cdffba8 e-con-full e-flex e-con e-child\" data-id=\"cdffba8\" data-element_type=\"container\" data-e-type=\"container\">\n\t\t\t\t<div class=\"elementor-element elementor-element-db2506a elementor-widget elementor-widget-text-editor\" data-id=\"db2506a\" data-element_type=\"widget\" data-e-type=\"widget\" data-widget_type=\"text-editor.default\">\n\t\t\t\t<div class=\"elementor-widget-container\">\n\t\t\t\t\t\t\t\t\t<p><strong>Climatizaci\u00f3n<\/strong> y agua caliente sanitaria <strong>(ACS)<\/strong> de <strong>bajo consumo<\/strong> mediante un sistema <strong>de aerot\u00e9rmia<\/strong> individual.<\/p><p>Todas las <strong>habitaciones<\/strong> de las viviendas son <strong>exteriores<\/strong>, potenciando as\u00ed corrientes de aire interior que ayudan a lograr la temperatura de confort.<\/p><p>Dispositivos<strong> sanitarios que reducen el consumo de agua.<\/strong><br>El dise\u00f1o de las viviendas prioriza la <strong>iluminaci\u00f3n natural<\/strong> y cuando la luz artificial es necessaria, el edificio cuenta con sistemas <strong>de iluminaci\u00f3n de bajo consumo.<\/strong><\/p><p><strong>Sistemas constructivos<\/strong> que potencian la <strong>reducci\u00f3n del consumo energ\u00e9tico.<\/strong><\/p><p>Uso de materiales con el <strong>menor impacto ambiental posible.<\/strong><\/p>\t\t\t\t\t\t\t\t<\/div>\n\t\t\t\t<\/div>\n\t\t\t\t<div class=\"elementor-element elementor-element-ebf025f elementor-widget elementor-widget-spacer\" data-id=\"ebf025f\" data-element_type=\"widget\" data-e-type=\"widget\" data-widget_type=\"spacer.default\">\n\t\t\t\t<div class=\"elementor-widget-container\">\n\t\t\t\t\t\t\t<div class=\"elementor-spacer\">\n\t\t\t<div class=\"elementor-spacer-inner\"><\/div>\n\t\t<\/div>\n\t\t\t\t\t\t<\/div>\n\t\t\t\t<\/div>\n\t\t\t\t<div class=\"elementor-element elementor-element-02249e6 elementor-align-left elementor-mobile-align-center elementor-widget elementor-widget-button\" data-id=\"02249e6\" data-element_type=\"widget\" data-e-type=\"widget\" data-widget_type=\"button.default\">\n\t\t\t\t<div class=\"elementor-widget-container\">\n\t\t\t\t\t\t\t\t\t<div class=\"elementor-button-wrapper\">\n\t\t\t\t\t<a class=\"elementor-button elementor-button-link elementor-size-sm elementor-animation-float\" href=\"https:\/\/drive.google.com\/file\/d\/1wa1JEYKkleACtElKGxpzKKCpkoJ2OKKo\/view?usp=sharing\" target=\"_blank\">\n\t\t\t\t\t\t<span class=\"elementor-button-content-wrapper\">\n\t\t\t\t\t\t\t\t\t<span class=\"elementor-button-text\">Memoria de calidades<\/span>\n\t\t\t\t\t<\/span>\n\t\t\t\t\t<\/a>\n\t\t\t\t<\/div>\n\t\t\t\t\t\t\t\t<\/div>\n\t\t\t\t<\/div>\n\t\t\t\t<\/div>\n\t\t\t\t\t<\/div>\n\t\t\t\t<\/div>\n\t\t<div class=\"elementor-element elementor-element-5fec777 e-flex e-con-boxed e-con e-parent\" data-id=\"5fec777\" data-element_type=\"container\" data-e-type=\"container\">\n\t\t\t\t\t<div class=\"e-con-inner\">\n\t\t<div class=\"elementor-element elementor-element-67e7826 e-con-full e-flex e-con e-child\" data-id=\"67e7826\" data-element_type=\"container\" data-e-type=\"container\">\n\t\t\t\t<div class=\"elementor-element elementor-element-2263363 elementor-widget-tablet__width-initial elementor-widget elementor-widget-heading\" data-id=\"2263363\" data-element_type=\"widget\" data-e-type=\"widget\" data-widget_type=\"heading.default\">\n\t\t\t\t<div class=\"elementor-widget-container\">\n\t\t\t\t\t<h2 class=\"elementor-heading-title elementor-size-default\">\u00cdndice de Sostenibilidad<\/h2>\t\t\t\t<\/div>\n\t\t\t\t<\/div>\n\t\t<div class=\"elementor-element elementor-element-adfa5e6 e-flex e-con-boxed e-con e-child\" data-id=\"adfa5e6\" data-element_type=\"container\" data-e-type=\"container\">\n\t\t\t\t\t<div class=\"e-con-inner\">\n\t\t\t\t<div class=\"elementor-element elementor-element-8231441 elementor-widget elementor-widget-text-editor\" data-id=\"8231441\" data-element_type=\"widget\" data-e-type=\"widget\" data-widget_type=\"text-editor.default\">\n\t\t\t\t<div class=\"elementor-widget-container\">\n\t\t\t\t\t\t\t\t\t<p>El prop\u00f3sito de Omplim es transformar la manera de construir y desarrollar promociones inmobiliarias. Para asegurarnos su cumplimiento en cada promoci\u00f3n que llevamos a cabo, hemos creado un \u00cdndice de Sostenibilidad como un sistema de medida que permite <strong>cuantificar el impacto generado por nuestros proyectos inmobiliarios<\/strong> de manera individual.<\/p><p><strong>Cada edificio se analiza en la fase de proyecto, ejecuci\u00f3n y en la previsi\u00f3n de su uso<\/strong>; as\u00ed como el impacto del proyecto en todos sus grupos de inter\u00e9s y el territorio.<\/p><p>Aqu\u00ed teneis el resultado del \u00cdndice de Sostenibilidad de Montcada 005.<\/p>\t\t\t\t\t\t\t\t<\/div>\n\t\t\t\t<\/div>\n\t\t\t\t<div class=\"elementor-element elementor-element-5af33ce elementor-widget elementor-widget-spacer\" data-id=\"5af33ce\" data-element_type=\"widget\" data-e-type=\"widget\" data-widget_type=\"spacer.default\">\n\t\t\t\t<div class=\"elementor-widget-container\">\n\t\t\t\t\t\t\t<div class=\"elementor-spacer\">\n\t\t\t<div class=\"elementor-spacer-inner\"><\/div>\n\t\t<\/div>\n\t\t\t\t\t\t<\/div>\n\t\t\t\t<\/div>\n\t\t\t\t<div class=\"elementor-element elementor-element-feec884 elementor-align-left elementor-mobile-align-center elementor-widget elementor-widget-button\" data-id=\"feec884\" data-element_type=\"widget\" data-e-type=\"widget\" data-widget_type=\"button.default\">\n\t\t\t\t<div class=\"elementor-widget-container\">\n\t\t\t\t\t\t\t\t\t<div class=\"elementor-button-wrapper\">\n\t\t\t\t\t<a class=\"elementor-button elementor-button-link elementor-size-sm elementor-animation-float\" href=\"https:\/\/omplim.cat\/es\/proyectos\/\">\n\t\t\t\t\t\t<span class=\"elementor-button-content-wrapper\">\n\t\t\t\t\t\t\t\t\t<span class=\"elementor-button-text\">Saber m\u00e1s<\/span>\n\t\t\t\t\t<\/span>\n\t\t\t\t\t<\/a>\n\t\t\t\t<\/div>\n\t\t\t\t\t\t\t\t<\/div>\n\t\t\t\t<\/div>\n\t\t\t\t\t<\/div>\n\t\t\t\t<\/div>\n\t\t\t\t<\/div>\n\t\t<div class=\"elementor-element elementor-element-aadec3d e-con-full e-flex e-con e-child\" data-id=\"aadec3d\" data-element_type=\"container\" data-e-type=\"container\">\n\t\t\t\t<div class=\"elementor-element elementor-element-ac1b9ee elementor-widget elementor-widget-premium-chart\" data-id=\"ac1b9ee\" data-element_type=\"widget\" data-e-type=\"widget\" data-settings=\"{&quot;type&quot;:&quot;radar&quot;,&quot;x_axis_labels&quot;:&quot;A. Sostenibilidad Ambiental,B. Bienestar,C. Inclusi\\u00f3n,D. Asequibilidad,E. Cadena de valor justa,F. Impacto comunitario&quot;,&quot;tool_tips&quot;:&quot;true&quot;,&quot;x_axis_labels_color&quot;:&quot;#000000&quot;,&quot;x_axis_grid_color&quot;:&quot;#000000&quot;,&quot;y_axis_grid_width&quot;:{&quot;unit&quot;:&quot;px&quot;,&quot;size&quot;:5.1,&quot;sizes&quot;:[]},&quot;data_source&quot;:&quot;custom&quot;,&quot;x_axis_label_rotation&quot;:0,&quot;data_type&quot;:&quot;linear&quot;,&quot;y_axis_grid&quot;:&quot;true&quot;,&quot;y_axis_begin&quot;:&quot;true&quot;,&quot;y_axis_urls_target&quot;:&quot;true&quot;,&quot;y_axis_max&quot;:1,&quot;tool_tips_mode&quot;:&quot;nearest&quot;,&quot;start_animation&quot;:&quot;easeInQuad&quot;,&quot;render_event&quot;:&quot;scroll&quot;,&quot;x_axis_label_size&quot;:12,&quot;x_axis_labels_size&quot;:12,&quot;x_axis_grid_width&quot;:{&quot;unit&quot;:&quot;px&quot;,&quot;size&quot;:1,&quot;sizes&quot;:[]},&quot;y_axis_label_size&quot;:12,&quot;y_axis_labels_size&quot;:12,&quot;y_axis_grid_color&quot;:&quot;#54595f&quot;}\" data-widget_type=\"premium-chart.default\">\n\t\t\t\t<div class=\"elementor-widget-container\">\n\t\t\t\t\t\r\n\t<div id=\"premium-chart-container-ac1b9ee\" class=\"premium-chart-container\" data-chart=\"[{&quot;label&quot;:&quot;\\u00cdndice de sostenibilidad&quot;,&quot;data&quot;:[&quot;2&quot;,&quot;2&quot;,&quot;2&quot;,&quot;2&quot;,&quot;3&quot;,&quot;2&quot;],&quot;links&quot;:[&quot;&quot;],&quot;backgroundColor&quot;:[&quot;#3760A336&quot;,&quot;#3760A336&quot;],&quot;borderColor&quot;:&quot;#fff&quot;,&quot;borderWidth&quot;:0}]\" data-settings=\"{&quot;chartId&quot;:&quot;premium-chart-canvas-ac1b9ee&quot;,&quot;height&quot;:500}\">\r\n\t\t\t\t<div class=\"premium-chart-canvas-container\">\r\n\t\t\t<canvas id=\"premium-chart-canvas-ac1b9ee\" class=\"premium-chart-canvas\" width=\"400\" height=\"400\"><\/canvas>\r\n\t\t<\/div>\r\n\t\t\t<\/div>\r\n\r\n\t\t\t\t\t\t<\/div>\n\t\t\t\t<\/div>\n\t\t\t\t<\/div>\n\t\t\t\t\t<\/div>\n\t\t\t\t<\/div>\n\t\t\t\t<section class=\"elementor-section elementor-top-section elementor-element elementor-element-28ec4fa1 elementor-section-content-middle elementor-section-boxed elementor-section-height-default elementor-section-height-default\" data-id=\"28ec4fa1\" data-element_type=\"section\" data-e-type=\"section\" data-settings=\"{&quot;background_background&quot;:&quot;classic&quot;}\">\n\t\t\t\t\t\t<div class=\"elementor-container elementor-column-gap-default\">\n\t\t\t\t\t<div class=\"elementor-column elementor-col-50 elementor-top-column elementor-element elementor-element-2abc315e\" data-id=\"2abc315e\" data-element_type=\"column\" data-e-type=\"column\" data-settings=\"{&quot;background_background&quot;:&quot;classic&quot;}\">\n\t\t\t<div class=\"elementor-widget-wrap elementor-element-populated\">\n\t\t\t\t\t\t<div class=\"elementor-element elementor-element-283ecf73 elementor-widget elementor-widget-heading\" data-id=\"283ecf73\" data-element_type=\"widget\" data-e-type=\"widget\" data-widget_type=\"heading.default\">\n\t\t\t\t<div class=\"elementor-widget-container\">\n\t\t\t\t\t<h2 class=\"elementor-heading-title elementor-size-default\">Viviendas resilientes<\/h2>\t\t\t\t<\/div>\n\t\t\t\t<\/div>\n\t\t\t\t<div class=\"elementor-element elementor-element-3b20bd99 elementor-widget elementor-widget-spacer\" data-id=\"3b20bd99\" data-element_type=\"widget\" data-e-type=\"widget\" data-widget_type=\"spacer.default\">\n\t\t\t\t<div class=\"elementor-widget-container\">\n\t\t\t\t\t\t\t<div class=\"elementor-spacer\">\n\t\t\t<div class=\"elementor-spacer-inner\"><\/div>\n\t\t<\/div>\n\t\t\t\t\t\t<\/div>\n\t\t\t\t<\/div>\n\t\t\t\t<div class=\"elementor-element elementor-element-61304b84 elementor-widget elementor-widget-text-editor\" data-id=\"61304b84\" data-element_type=\"widget\" data-e-type=\"widget\" data-widget_type=\"text-editor.default\">\n\t\t\t\t<div class=\"elementor-widget-container\">\n\t\t\t\t\t\t\t\t\t<p>Desde Omplim trabajamos para ofrecer viviendas resilientes, que sean capaces de dar respuesta en t\u00e9rminos de <strong>sostenibilidad ambiental<\/strong>, <strong>social y econ\u00f3mica<\/strong> en un contexto de emergencia clim\u00e1tica y habitacional. Proponemos soluciones que integren principios de <strong>dise\u00f1o inclusivo y ecodise\u00f1o, econom\u00eda circular y biohabitabilidad<\/strong>, con el prop\u00f3sito de mejorar la vida de las personas y del planeta.<\/p>\t\t\t\t\t\t\t\t<\/div>\n\t\t\t\t<\/div>\n\t\t\t\t<div class=\"elementor-element elementor-element-71177ad7 elementor-widget elementor-widget-spacer\" data-id=\"71177ad7\" data-element_type=\"widget\" data-e-type=\"widget\" data-widget_type=\"spacer.default\">\n\t\t\t\t<div class=\"elementor-widget-container\">\n\t\t\t\t\t\t\t<div class=\"elementor-spacer\">\n\t\t\t<div class=\"elementor-spacer-inner\"><\/div>\n\t\t<\/div>\n\t\t\t\t\t\t<\/div>\n\t\t\t\t<\/div>\n\t\t\t\t<div class=\"elementor-element elementor-element-3a47cdd1 elementor-align-left elementor-mobile-align-center elementor-widget elementor-widget-button\" data-id=\"3a47cdd1\" data-element_type=\"widget\" data-e-type=\"widget\" data-widget_type=\"button.default\">\n\t\t\t\t<div class=\"elementor-widget-container\">\n\t\t\t\t\t\t\t\t\t<div class=\"elementor-button-wrapper\">\n\t\t\t\t\t<a class=\"elementor-button elementor-button-link elementor-size-sm elementor-animation-float\" href=\"https:\/\/omplim.cat\/es\/proyectos\/\">\n\t\t\t\t\t\t<span class=\"elementor-button-content-wrapper\">\n\t\t\t\t\t\t\t\t\t<span class=\"elementor-button-text\">Ver m\u00e1s promociones<\/span>\n\t\t\t\t\t<\/span>\n\t\t\t\t\t<\/a>\n\t\t\t\t<\/div>\n\t\t\t\t\t\t\t\t<\/div>\n\t\t\t\t<\/div>\n\t\t\t\t\t<\/div>\n\t\t<\/div>\n\t\t\t\t<div class=\"elementor-column elementor-col-50 elementor-top-column elementor-element elementor-element-22f85145\" data-id=\"22f85145\" data-element_type=\"column\" data-e-type=\"column\">\n\t\t\t<div class=\"elementor-widget-wrap elementor-element-populated\">\n\t\t\t\t\t\t<div class=\"elementor-element elementor-element-57c68bc8 elementor-widget elementor-widget-image\" data-id=\"57c68bc8\" data-element_type=\"widget\" data-e-type=\"widget\" data-widget_type=\"image.default\">\n\t\t\t\t<div class=\"elementor-widget-container\">\n\t\t\t\t\t\t\t\t\t\t\t\t\t\t\t<img fetchpriority=\"high\" decoding=\"async\" width=\"1532\" height=\"1286\" src=\"https:\/\/omplim.cat\/wp-content\/uploads\/2022\/11\/Habitatges-resilients.png\" class=\"attachment-large size-large wp-image-12086\" alt=\"\" \/>\t\t\t\t\t\t\t\t\t\t\t\t\t\t\t<\/div>\n\t\t\t\t<\/div>\n\t\t\t\t\t<\/div>\n\t\t<\/div>\n\t\t\t\t\t<\/div>\n\t\t<\/section>\n\t\t\t\t<section class=\"elementor-section elementor-top-section elementor-element elementor-element-d5ed6c4 elementor-section-boxed elementor-section-height-default elementor-section-height-default\" data-id=\"d5ed6c4\" data-element_type=\"section\" data-e-type=\"section\" data-settings=\"{&quot;background_background&quot;:&quot;classic&quot;}\">\n\t\t\t\t\t\t<div class=\"elementor-container elementor-column-gap-default\">\n\t\t\t\t\t<div class=\"elementor-column elementor-col-100 elementor-top-column elementor-element elementor-element-a47eeff\" data-id=\"a47eeff\" data-element_type=\"column\" data-e-type=\"column\">\n\t\t\t<div class=\"elementor-widget-wrap elementor-element-populated\">\n\t\t\t\t\t\t<section class=\"elementor-section elementor-inner-section elementor-element elementor-element-5ac0245 elementor-section-boxed elementor-section-height-default elementor-section-height-default\" data-id=\"5ac0245\" data-element_type=\"section\" data-e-type=\"section\">\n\t\t\t\t\t\t<div class=\"elementor-container elementor-column-gap-no\">\n\t\t\t\t\t<div class=\"elementor-column elementor-col-50 elementor-inner-column elementor-element elementor-element-f85de80\" data-id=\"f85de80\" data-element_type=\"column\" data-e-type=\"column\">\n\t\t\t<div class=\"elementor-widget-wrap elementor-element-populated\">\n\t\t\t\t\t\t<div class=\"elementor-element elementor-element-3467e92 elementor-widget elementor-widget-heading\" data-id=\"3467e92\" data-element_type=\"widget\" data-e-type=\"widget\" data-widget_type=\"heading.default\">\n\t\t\t\t<div class=\"elementor-widget-container\">\n\t\t\t\t\t<h2 class=\"elementor-heading-title elementor-size-default\">Fomentamos proyectos comunitarios.<\/h2>\t\t\t\t<\/div>\n\t\t\t\t<\/div>\n\t\t\t\t\t<\/div>\n\t\t<\/div>\n\t\t\t\t<div class=\"elementor-column elementor-col-50 elementor-inner-column elementor-element elementor-element-b6253ef\" data-id=\"b6253ef\" data-element_type=\"column\" data-e-type=\"column\">\n\t\t\t<div class=\"elementor-widget-wrap elementor-element-populated\">\n\t\t\t\t\t\t<div class=\"elementor-element elementor-element-47bfa98 elementor-widget elementor-widget-text-editor\" data-id=\"47bfa98\" data-element_type=\"widget\" data-e-type=\"widget\" data-widget_type=\"text-editor.default\">\n\t\t\t\t<div class=\"elementor-widget-container\">\n\t\t\t\t\t\t\t\t\t<p><span style=\"font-weight: 400;\">Una vez aterrizados en Montcada i Reixac, empezamos a buscar proyectos locales que trabajaran para mejorar su territorio. Financiamos parte de su actividad social o ambiental y los ayudamos a crecer de la mano de otros valientes que tambi\u00e9n lucharan por una Montcada mejor.<\/span><\/p>\t\t\t\t\t\t\t\t<\/div>\n\t\t\t\t<\/div>\n\t\t\t\t\t<\/div>\n\t\t<\/div>\n\t\t\t\t\t<\/div>\n\t\t<\/section>\n\t\t\t\t<div class=\"elementor-element elementor-element-9e7f94d elementor--h-position-right elementor--v-position-top elementor-hidden-tablet elementor-hidden-mobile elementor-arrows-position-inside elementor-widget elementor-widget-slides\" data-id=\"9e7f94d\" data-element_type=\"widget\" data-e-type=\"widget\" data-settings=\"{&quot;navigation&quot;:&quot;arrows&quot;,&quot;autoplay&quot;:&quot;yes&quot;,&quot;pause_on_hover&quot;:&quot;yes&quot;,&quot;pause_on_interaction&quot;:&quot;yes&quot;,&quot;autoplay_speed&quot;:5000,&quot;infinite&quot;:&quot;yes&quot;,&quot;transition&quot;:&quot;slide&quot;,&quot;transition_speed&quot;:500}\" data-widget_type=\"slides.default\">\n\t\t\t\t<div class=\"elementor-widget-container\">\n\t\t\t\t\t\t\t\t\t<div class=\"elementor-swiper\">\n\t\t\t\t\t<div class=\"elementor-slides-wrapper elementor-main-swiper swiper\" role=\"region\" aria-roledescription=\"carousel\" aria-label=\"Diapositives\" dir=\"ltr\" data-animation=\"\">\n\t\t\t\t<div class=\"swiper-wrapper elementor-slides\">\n\t\t\t\t\t\t\t\t\t\t<div class=\"elementor-repeater-item-4f98568 swiper-slide\" role=\"group\" aria-roledescription=\"slide\"><div class=\"swiper-slide-bg\" role=\"img\" aria-label=\"Omplim-foto-article-deixem-petjada\"><\/div><div class=\"swiper-slide-inner\" ><div class=\"swiper-slide-contents\"><div class=\"elementor-slide-heading\">\u00a1Dejamos huella!<\/div><div class=\"elementor-slide-description\"><p>Con la voluntad de fomentar la implicaci\u00f3n ciudadana en la restauraci\u00f3n de espacios naturales, este proyecto consigui\u00f3 la participaci\u00f3n de ni\u00f1as, ni\u00f1os y j\u00f3venes de las escuelas verdes de Montcada y Reixac en la limpieza de una parte del cauce del r\u00edo Bes\u00f2s.<\/p>\n<\/div><a href=\"https:\/\/omplim.cat\/es\/dejamos-huella\/\" class=\"elementor-button elementor-slide-button elementor-size-xs\">Saber m\u00e1s<\/a><\/div><\/div><\/div><div class=\"elementor-repeater-item-1f3272a swiper-slide\" role=\"group\" aria-roledescription=\"slide\"><div class=\"swiper-slide-bg\" role=\"img\" aria-label=\"Omplim-foto-article-m2construit-m2restaurat\"><\/div><div class=\"swiper-slide-inner\" ><div class=\"swiper-slide-contents\"><div class=\"elementor-slide-heading\">Metro2 construido, Metro2 restaurado<\/div><div class=\"elementor-slide-description\"><p>Con este convenio de colaboraci\u00f3n entre Omplim, la Xarxa per a la Conservaci\u00f3 de la Natura y Concep\u2019t, queremos recuperar ecosistemas de alto valor ecol\u00f3gico all\u00e1 donde Omplim lleve a cabo su actividad.<\/p>\n<\/div><a href=\"https:\/\/omplim.cat\/es\/metro2-construido-metro2-restaurado\/\" class=\"elementor-button elementor-slide-button elementor-size-xs\">Saber m\u00e1s<\/a><\/div><\/div><\/div>\t\t\t\t<\/div>\n\t\t\t\t\t\t\t\t\t\t\t\t\t\t\t<div class=\"elementor-swiper-button elementor-swiper-button-prev\" role=\"button\" tabindex=\"0\" aria-label=\"Diapositiva anterior\">\n\t\t\t\t\t\t\t<i aria-hidden=\"true\" class=\"eicon-chevron-left\"><\/i>\t\t\t\t\t\t<\/div>\n\t\t\t\t\t\t<div class=\"elementor-swiper-button elementor-swiper-button-next\" role=\"button\" tabindex=\"0\" aria-label=\"Diapositiva siguiente\">\n\t\t\t\t\t\t\t<i aria-hidden=\"true\" class=\"eicon-chevron-right\"><\/i>\t\t\t\t\t\t<\/div>\n\t\t\t\t\t\t\t\t\t\t\t\t\t\t\t\t\t<\/div>\n\t\t\t\t<\/div>\n\t\t\t\t\t\t\t\t<\/div>\n\t\t\t\t<\/div>\n\t\t\t\t<div class=\"elementor-element elementor-element-3c3983c elementor--h-position-right elementor--v-position-top elementor-hidden-desktop elementor-hidden-mobile elementor-arrows-position-inside elementor-widget elementor-widget-slides\" data-id=\"3c3983c\" data-element_type=\"widget\" data-e-type=\"widget\" data-settings=\"{&quot;navigation&quot;:&quot;arrows&quot;,&quot;autoplay&quot;:&quot;yes&quot;,&quot;pause_on_hover&quot;:&quot;yes&quot;,&quot;pause_on_interaction&quot;:&quot;yes&quot;,&quot;autoplay_speed&quot;:5000,&quot;infinite&quot;:&quot;yes&quot;,&quot;transition&quot;:&quot;slide&quot;,&quot;transition_speed&quot;:500}\" data-widget_type=\"slides.default\">\n\t\t\t\t<div class=\"elementor-widget-container\">\n\t\t\t\t\t\t\t\t\t<div class=\"elementor-swiper\">\n\t\t\t\t\t<div class=\"elementor-slides-wrapper elementor-main-swiper swiper\" role=\"region\" aria-roledescription=\"carousel\" aria-label=\"Diapositives\" dir=\"ltr\" data-animation=\"\">\n\t\t\t\t<div class=\"swiper-wrapper elementor-slides\">\n\t\t\t\t\t\t\t\t\t\t<div class=\"elementor-repeater-item-4f98568 swiper-slide\" role=\"group\" aria-roledescription=\"slide\"><div class=\"swiper-slide-bg\" role=\"img\" aria-label=\"Omplim-foto-article-deixem-petjada-tablet\"><\/div><div class=\"swiper-slide-inner\" ><div class=\"swiper-slide-contents\"><div class=\"elementor-slide-heading\">\u00a1Dejamos huella!<\/div><div class=\"elementor-slide-description\"><p>Con la voluntad de fomentar la implicaci\u00f3n ciudadana en la restauraci\u00f3n de espacios naturales, este proyecto consigui\u00f3 la participaci\u00f3n de ni\u00f1as, ni\u00f1os y j\u00f3venes de las escuelas verdes de Montcada y Reixac en la limpieza de una parte del cauce del r\u00edo Bes\u00f2s.<\/p>\n<\/div><a href=\"https:\/\/omplim.cat\/es\/dejamos-huella\/\" class=\"elementor-button elementor-slide-button elementor-size-xs\">Saber m\u00e1s<\/a><\/div><\/div><\/div><div class=\"elementor-repeater-item-1f3272a swiper-slide\" role=\"group\" aria-roledescription=\"slide\"><div class=\"swiper-slide-bg\" role=\"img\" aria-label=\"Omplim-foto-article-m2construit-m2restaurat-tablet\"><\/div><div class=\"swiper-slide-inner\" ><div class=\"swiper-slide-contents\"><div class=\"elementor-slide-heading\">Metro2 construido, Metro2 restaurado<\/div><div class=\"elementor-slide-description\"><p>Con este convenio de colaboraci\u00f3n entre Omplim, la Xarxa per a la Conservaci\u00f3 de la Natura y Concep\u2019t, queremos recuperar ecosistemas de alto valor ecol\u00f3gico all\u00e1 donde Omplim lleve a cabo su actividad.<\/p>\n<\/div><a href=\"https:\/\/omplim.cat\/es\/metro2-construido-metro2-restaurado\/\" class=\"elementor-button elementor-slide-button elementor-size-xs\">Saber m\u00e1s<\/a><\/div><\/div><\/div>\t\t\t\t<\/div>\n\t\t\t\t\t\t\t\t\t\t\t\t\t\t\t<div class=\"elementor-swiper-button elementor-swiper-button-prev\" role=\"button\" tabindex=\"0\" aria-label=\"Diapositiva anterior\">\n\t\t\t\t\t\t\t<i aria-hidden=\"true\" class=\"eicon-chevron-left\"><\/i>\t\t\t\t\t\t<\/div>\n\t\t\t\t\t\t<div class=\"elementor-swiper-button elementor-swiper-button-next\" role=\"button\" tabindex=\"0\" aria-label=\"Diapositiva siguiente\">\n\t\t\t\t\t\t\t<i aria-hidden=\"true\" class=\"eicon-chevron-right\"><\/i>\t\t\t\t\t\t<\/div>\n\t\t\t\t\t\t\t\t\t\t\t\t\t\t\t\t\t<\/div>\n\t\t\t\t<\/div>\n\t\t\t\t\t\t\t\t<\/div>\n\t\t\t\t<\/div>\n\t\t\t\t<div class=\"elementor-element elementor-element-1207916 elementor--h-position-right elementor--v-position-top elementor-hidden-desktop elementor-hidden-tablet elementor-arrows-position-inside elementor-widget elementor-widget-slides\" data-id=\"1207916\" data-element_type=\"widget\" data-e-type=\"widget\" data-settings=\"{&quot;navigation&quot;:&quot;arrows&quot;,&quot;autoplay&quot;:&quot;yes&quot;,&quot;pause_on_hover&quot;:&quot;yes&quot;,&quot;pause_on_interaction&quot;:&quot;yes&quot;,&quot;autoplay_speed&quot;:5000,&quot;infinite&quot;:&quot;yes&quot;,&quot;transition&quot;:&quot;slide&quot;,&quot;transition_speed&quot;:500}\" data-widget_type=\"slides.default\">\n\t\t\t\t<div class=\"elementor-widget-container\">\n\t\t\t\t\t\t\t\t\t<div class=\"elementor-swiper\">\n\t\t\t\t\t<div class=\"elementor-slides-wrapper elementor-main-swiper swiper\" role=\"region\" aria-roledescription=\"carousel\" aria-label=\"Diapositives\" dir=\"ltr\" data-animation=\"\">\n\t\t\t\t<div class=\"swiper-wrapper elementor-slides\">\n\t\t\t\t\t\t\t\t\t\t<div class=\"elementor-repeater-item-4f98568 swiper-slide\" role=\"group\" aria-roledescription=\"slide\"><div class=\"swiper-slide-bg\" role=\"img\" aria-label=\"Omplim-foto-article-deixem-petjada-mobile\"><\/div><div class=\"swiper-slide-inner\" ><div class=\"swiper-slide-contents\"><div class=\"elementor-slide-heading\">\u00a1Dejamos huella!<\/div><div class=\"elementor-slide-description\"><p>Con la voluntad de fomentar la implicaci\u00f3n ciudadana en la restauraci\u00f3n de espacios naturales, este proyecto consigui\u00f3 la participaci\u00f3n de ni\u00f1as, ni\u00f1os y j\u00f3venes de las escuelas verdes de Montcada y Reixac en la limpieza de una parte del cauce del r\u00edo Bes\u00f2s.<\/p>\n<\/div><a href=\"https:\/\/omplim.cat\/es\/dejamos-huella\/\" class=\"elementor-button elementor-slide-button elementor-size-xs\">Saber m\u00e1s<\/a><\/div><\/div><\/div><div class=\"elementor-repeater-item-1f3272a swiper-slide\" role=\"group\" aria-roledescription=\"slide\"><div class=\"swiper-slide-bg\" role=\"img\" aria-label=\"Omplim-foto-article-m2construit-m2restaurat-mobile\"><\/div><div class=\"swiper-slide-inner\" ><div class=\"swiper-slide-contents\"><div class=\"elementor-slide-heading\">Metro2 construido, Metro2 restaurado<\/div><div class=\"elementor-slide-description\"><p>Con este convenio de colaboraci\u00f3n entre Omplim, la Xarxa per a la Conservaci\u00f3 de la Natura y Concep\u2019t, queremos recuperar ecosistemas de alto valor ecol\u00f3gico all\u00e1 donde Omplim lleve a cabo su actividad.<\/p>\n<\/div><a href=\"https:\/\/omplim.cat\/es\/metro2-construido-metro2-restaurado\/\" class=\"elementor-button elementor-slide-button elementor-size-xs\">Saber m\u00e1s<\/a><\/div><\/div><\/div>\t\t\t\t<\/div>\n\t\t\t\t\t\t\t\t\t\t\t\t\t\t\t<div class=\"elementor-swiper-button elementor-swiper-button-prev\" role=\"button\" tabindex=\"0\" aria-label=\"Diapositiva anterior\">\n\t\t\t\t\t\t\t<i aria-hidden=\"true\" class=\"eicon-chevron-left\"><\/i>\t\t\t\t\t\t<\/div>\n\t\t\t\t\t\t<div class=\"elementor-swiper-button elementor-swiper-button-next\" role=\"button\" tabindex=\"0\" aria-label=\"Diapositiva siguiente\">\n\t\t\t\t\t\t\t<i aria-hidden=\"true\" class=\"eicon-chevron-right\"><\/i>\t\t\t\t\t\t<\/div>\n\t\t\t\t\t\t\t\t\t\t\t\t\t\t\t\t\t<\/div>\n\t\t\t\t<\/div>\n\t\t\t\t\t\t\t\t<\/div>\n\t\t\t\t<\/div>\n\t\t\t\t\t<\/div>\n\t\t<\/div>\n\t\t\t\t\t<\/div>\n\t\t<\/section>\n\t\t\t\t<\/div>\n\t\t","protected":false},"excerpt":{"rendered":"<p>Acompa\u00f1amos a un grupo de inversi\u00f3n de impacto en el desarrollo de un edificio de 26 viviendas en Montcada i Reixac, gestionando integralmente el proyecto.<\/p>\n","protected":false},"featured_media":16754,"template":"elementor_theme","categories":[119,130,120,123,132,131,133],"class_list":["post-12842","promocions","type-promocions","status-publish","has-post-thumbnail","hentry","category-analisis-tecnico-legal-y-economico","category-desarrollo-proyecto","category-evaluacion-de-inversion","category-gestion-administracion-publica","category-gestion-comercial-es","category-gestion-construccion","category-gestion-sostenibilidad"],"acf":[],"aioseo_notices":[],"aioseo_head":"\n\t\t<!-- All in One SEO 5.0.1.1 - aioseo.com -->\n\t<meta name=\"description\" content=\"Promoci\u00f3n vendida. Pisos de 2 y 3 dormitorios, \u00e1ticos y p\u00e1rquing en Montcada i Reixac. Viviendas con etiqueta energ\u00e9tica A, sostenibles y de gran calidad.\" \/>\n\t<meta name=\"robots\" content=\"max-image-preview:large\" \/>\n\t<link rel=\"canonical\" href=\"https:\/\/omplim.cat\/es\/promocions\/montcada\/\" \/>\n\t<meta name=\"generator\" content=\"All in One SEO (AIOSEO) 5.0.1.1\" \/>\n\t\t<meta property=\"og:locale\" content=\"es_ES\" \/>\n\t\t<meta property=\"og:site_name\" content=\"Omplim | Gesti\u00f3 i edificaci\u00f3 responsable\" \/>\n\t\t<meta property=\"og:type\" content=\"article\" \/>\n\t\t<meta property=\"og:title\" content=\"Montcada 005 | 26 viviendas de gran eficiencia energ\u00e9tica\" \/>\n\t\t<meta property=\"og:description\" content=\"Promoci\u00f3n vendida. Pisos de 2 y 3 dormitorios, \u00e1ticos y p\u00e1rquing en Montcada i Reixac. Viviendas con etiqueta energ\u00e9tica A, sostenibles y de gran calidad.\" \/>\n\t\t<meta property=\"og:url\" content=\"https:\/\/omplim.cat\/es\/promocions\/montcada\/\" \/>\n\t\t<meta property=\"og:image\" content=\"https:\/\/omplim.cat\/wp-content\/uploads\/2022\/11\/cropped-Logo-Omplim-negre-1.png\" \/>\n\t\t<meta property=\"og:image:secure_url\" content=\"https:\/\/omplim.cat\/wp-content\/uploads\/2022\/11\/cropped-Logo-Omplim-negre-1.png\" \/>\n\t\t<meta property=\"og:image:width\" content=\"276\" \/>\n\t\t<meta property=\"og:image:height\" content=\"78\" \/>\n\t\t<meta property=\"article:published_time\" content=\"2025-04-25T13:47:37+00:00\" \/>\n\t\t<meta property=\"article:modified_time\" content=\"2025-05-05T08:28:51+00:00\" \/>\n\t\t<meta name=\"twitter:card\" content=\"summary_large_image\" \/>\n\t\t<meta name=\"twitter:title\" content=\"Montcada 005 | 26 viviendas de gran eficiencia energ\u00e9tica\" \/>\n\t\t<meta name=\"twitter:description\" content=\"Promoci\u00f3n vendida. Pisos de 2 y 3 dormitorios, \u00e1ticos y p\u00e1rquing en Montcada i Reixac. Viviendas con etiqueta energ\u00e9tica A, sostenibles y de gran calidad.\" \/>\n\t\t<meta name=\"twitter:image\" content=\"https:\/\/omplim.cat\/wp-content\/uploads\/2022\/11\/cropped-Logo-Omplim-negre-1.png\" \/>\n\t\t<script type=\"application\/ld+json\" class=\"aioseo-schema\">\n\t\t\t{\"@context\":\"https:\\\/\\\/schema.org\",\"@graph\":[{\"@type\":\"BreadcrumbList\",\"@id\":\"https:\\\/\\\/omplim.cat\\\/es\\\/promocions\\\/montcada\\\/#breadcrumblist\",\"itemListElement\":[{\"@type\":\"ListItem\",\"@id\":\"https:\\\/\\\/omplim.cat\\\/es\\\/#listItem\",\"position\":1,\"name\":\"Home\",\"item\":\"https:\\\/\\\/omplim.cat\\\/es\\\/\",\"nextItem\":{\"@type\":\"ListItem\",\"@id\":\"https:\\\/\\\/omplim.cat\\\/es\\\/categoria\\\/analisis-tecnico-legal-y-economico\\\/#listItem\",\"name\":\"An\\u00e1lisis t\\u00e9cnico, legal y econ\\u00f3mico\"}},{\"@type\":\"ListItem\",\"@id\":\"https:\\\/\\\/omplim.cat\\\/es\\\/categoria\\\/analisis-tecnico-legal-y-economico\\\/#listItem\",\"position\":2,\"name\":\"An\\u00e1lisis t\\u00e9cnico, legal y econ\\u00f3mico\",\"item\":\"https:\\\/\\\/omplim.cat\\\/es\\\/categoria\\\/analisis-tecnico-legal-y-economico\\\/\",\"nextItem\":{\"@type\":\"ListItem\",\"@id\":\"https:\\\/\\\/omplim.cat\\\/es\\\/promocions\\\/montcada\\\/#listItem\",\"name\":\"Montcada 005\"},\"previousItem\":{\"@type\":\"ListItem\",\"@id\":\"https:\\\/\\\/omplim.cat\\\/es\\\/#listItem\",\"name\":\"Home\"}},{\"@type\":\"ListItem\",\"@id\":\"https:\\\/\\\/omplim.cat\\\/es\\\/promocions\\\/montcada\\\/#listItem\",\"position\":3,\"name\":\"Montcada 005\",\"previousItem\":{\"@type\":\"ListItem\",\"@id\":\"https:\\\/\\\/omplim.cat\\\/es\\\/categoria\\\/analisis-tecnico-legal-y-economico\\\/#listItem\",\"name\":\"An\\u00e1lisis t\\u00e9cnico, legal y econ\\u00f3mico\"}}]},{\"@type\":\"Organization\",\"@id\":\"https:\\\/\\\/omplim.cat\\\/es\\\/#organization\",\"name\":\"Omplim\",\"description\":\"Gesti\\u00f3 i edificaci\\u00f3 responsable\",\"url\":\"https:\\\/\\\/omplim.cat\\\/es\\\/\",\"logo\":{\"@type\":\"ImageObject\",\"url\":\"https:\\\/\\\/omplim.cat\\\/wp-content\\\/uploads\\\/2022\\\/11\\\/Logo-Omplim-negre.png\",\"@id\":\"https:\\\/\\\/omplim.cat\\\/es\\\/promocions\\\/montcada\\\/#organizationLogo\",\"width\":276,\"height\":78},\"image\":{\"@id\":\"https:\\\/\\\/omplim.cat\\\/es\\\/promocions\\\/montcada\\\/#organizationLogo\"}},{\"@type\":\"WebPage\",\"@id\":\"https:\\\/\\\/omplim.cat\\\/es\\\/promocions\\\/montcada\\\/#webpage\",\"url\":\"https:\\\/\\\/omplim.cat\\\/es\\\/promocions\\\/montcada\\\/\",\"name\":\"Montcada 005 | 26 viviendas de gran eficiencia energ\\u00e9tica\",\"description\":\"Promoci\\u00f3n vendida. Pisos de 2 y 3 dormitorios, \\u00e1ticos y p\\u00e1rquing en Montcada i Reixac. Viviendas con etiqueta energ\\u00e9tica A, sostenibles y de gran calidad.\",\"inLanguage\":\"es-ES\",\"isPartOf\":{\"@id\":\"https:\\\/\\\/omplim.cat\\\/es\\\/#website\"},\"breadcrumb\":{\"@id\":\"https:\\\/\\\/omplim.cat\\\/es\\\/promocions\\\/montcada\\\/#breadcrumblist\"},\"image\":{\"@type\":\"ImageObject\",\"url\":\"https:\\\/\\\/omplim.cat\\\/wp-content\\\/uploads\\\/2025\\\/04\\\/Montcada-005.png\",\"@id\":\"https:\\\/\\\/omplim.cat\\\/es\\\/promocions\\\/montcada\\\/#mainImage\",\"width\":516,\"height\":300,\"caption\":\"Habitatges sostenibles\"},\"primaryImageOfPage\":{\"@id\":\"https:\\\/\\\/omplim.cat\\\/es\\\/promocions\\\/montcada\\\/#mainImage\"},\"datePublished\":\"2025-04-25T13:47:37+00:00\",\"dateModified\":\"2025-05-05T08:28:51+00:00\"},{\"@type\":\"WebSite\",\"@id\":\"https:\\\/\\\/omplim.cat\\\/es\\\/#website\",\"url\":\"https:\\\/\\\/omplim.cat\\\/es\\\/\",\"name\":\"Omplim\",\"description\":\"Gesti\\u00f3 i edificaci\\u00f3 responsable\",\"inLanguage\":\"es-ES\",\"publisher\":{\"@id\":\"https:\\\/\\\/omplim.cat\\\/es\\\/#organization\"}}]}\n\t\t<\/script>\n\t\t<!-- All in One SEO -->\n\n","aioseo_head_json":{"title":"Montcada 005 | 26 viviendas de gran eficiencia energ\u00e9tica","description":"Promoci\u00f3n vendida. Pisos de 2 y 3 dormitorios, \u00e1ticos y p\u00e1rquing en Montcada i Reixac. Viviendas con etiqueta energ\u00e9tica A, sostenibles y de gran calidad.","canonical_url":"https:\/\/omplim.cat\/es\/promocions\/montcada\/","robots":"max-image-preview:large","keywords":"","webmasterTools":{"miscellaneous":""},"schema":{"@context":"https:\/\/schema.org","@graph":[{"@type":"BreadcrumbList","@id":"https:\/\/omplim.cat\/es\/promocions\/montcada\/#breadcrumblist","itemListElement":[{"@type":"ListItem","@id":"https:\/\/omplim.cat\/es\/#listItem","position":1,"name":"Home","item":"https:\/\/omplim.cat\/es\/","nextItem":{"@type":"ListItem","@id":"https:\/\/omplim.cat\/es\/categoria\/analisis-tecnico-legal-y-economico\/#listItem","name":"An\u00e1lisis t\u00e9cnico, legal y econ\u00f3mico"}},{"@type":"ListItem","@id":"https:\/\/omplim.cat\/es\/categoria\/analisis-tecnico-legal-y-economico\/#listItem","position":2,"name":"An\u00e1lisis t\u00e9cnico, legal y econ\u00f3mico","item":"https:\/\/omplim.cat\/es\/categoria\/analisis-tecnico-legal-y-economico\/","nextItem":{"@type":"ListItem","@id":"https:\/\/omplim.cat\/es\/promocions\/montcada\/#listItem","name":"Montcada 005"},"previousItem":{"@type":"ListItem","@id":"https:\/\/omplim.cat\/es\/#listItem","name":"Home"}},{"@type":"ListItem","@id":"https:\/\/omplim.cat\/es\/promocions\/montcada\/#listItem","position":3,"name":"Montcada 005","previousItem":{"@type":"ListItem","@id":"https:\/\/omplim.cat\/es\/categoria\/analisis-tecnico-legal-y-economico\/#listItem","name":"An\u00e1lisis t\u00e9cnico, legal y econ\u00f3mico"}}]},{"@type":"Organization","@id":"https:\/\/omplim.cat\/es\/#organization","name":"Omplim","description":"Gesti\u00f3 i edificaci\u00f3 responsable","url":"https:\/\/omplim.cat\/es\/","logo":{"@type":"ImageObject","url":"https:\/\/omplim.cat\/wp-content\/uploads\/2022\/11\/Logo-Omplim-negre.png","@id":"https:\/\/omplim.cat\/es\/promocions\/montcada\/#organizationLogo","width":276,"height":78},"image":{"@id":"https:\/\/omplim.cat\/es\/promocions\/montcada\/#organizationLogo"}},{"@type":"WebPage","@id":"https:\/\/omplim.cat\/es\/promocions\/montcada\/#webpage","url":"https:\/\/omplim.cat\/es\/promocions\/montcada\/","name":"Montcada 005 | 26 viviendas de gran eficiencia energ\u00e9tica","description":"Promoci\u00f3n vendida. Pisos de 2 y 3 dormitorios, \u00e1ticos y p\u00e1rquing en Montcada i Reixac. Viviendas con etiqueta energ\u00e9tica A, sostenibles y de gran calidad.","inLanguage":"es-ES","isPartOf":{"@id":"https:\/\/omplim.cat\/es\/#website"},"breadcrumb":{"@id":"https:\/\/omplim.cat\/es\/promocions\/montcada\/#breadcrumblist"},"image":{"@type":"ImageObject","url":"https:\/\/omplim.cat\/wp-content\/uploads\/2025\/04\/Montcada-005.png","@id":"https:\/\/omplim.cat\/es\/promocions\/montcada\/#mainImage","width":516,"height":300,"caption":"Habitatges sostenibles"},"primaryImageOfPage":{"@id":"https:\/\/omplim.cat\/es\/promocions\/montcada\/#mainImage"},"datePublished":"2025-04-25T13:47:37+00:00","dateModified":"2025-05-05T08:28:51+00:00"},{"@type":"WebSite","@id":"https:\/\/omplim.cat\/es\/#website","url":"https:\/\/omplim.cat\/es\/","name":"Omplim","description":"Gesti\u00f3 i edificaci\u00f3 responsable","inLanguage":"es-ES","publisher":{"@id":"https:\/\/omplim.cat\/es\/#organization"}}]},"og:locale":"es_ES","og:site_name":"Omplim | Gesti\u00f3 i edificaci\u00f3 responsable","og:type":"article","og:title":"Montcada 005 | 26 viviendas de gran eficiencia energ\u00e9tica","og:description":"Promoci\u00f3n vendida. Pisos de 2 y 3 dormitorios, \u00e1ticos y p\u00e1rquing en Montcada i Reixac. Viviendas con etiqueta energ\u00e9tica A, sostenibles y de gran calidad.","og:url":"https:\/\/omplim.cat\/es\/promocions\/montcada\/","og:image":"https:\/\/omplim.cat\/wp-content\/uploads\/2022\/11\/cropped-Logo-Omplim-negre-1.png","og:image:secure_url":"https:\/\/omplim.cat\/wp-content\/uploads\/2022\/11\/cropped-Logo-Omplim-negre-1.png","og:image:width":276,"og:image:height":78,"article:published_time":"2025-04-25T13:47:37+00:00","article:modified_time":"2025-05-05T08:28:51+00:00","twitter:card":"summary_large_image","twitter:title":"Montcada 005 | 26 viviendas de gran eficiencia energ\u00e9tica","twitter:description":"Promoci\u00f3n vendida. Pisos de 2 y 3 dormitorios, \u00e1ticos y p\u00e1rquing en Montcada i Reixac. Viviendas con etiqueta energ\u00e9tica A, sostenibles y de gran calidad.","twitter:image":"https:\/\/omplim.cat\/wp-content\/uploads\/2022\/11\/cropped-Logo-Omplim-negre-1.png"},"aioseo_meta_data":{"post_id":"12842","title":"#post_title #separator_sa 26 viviendas de gran eficiencia energ\u00e9tica","description":"Promoci\u00f3n vendida. Pisos de 2 y 3 dormitorios, \u00e1ticos y p\u00e1rquing en Montcada i Reixac. Viviendas con etiqueta energ\u00e9tica A, sostenibles y de gran calidad.","keywords":null,"keyphrases":{"focus":{"keyphrase":"","score":0,"analysis":{"keyphraseInTitle":{"score":0,"maxScore":9,"error":1}}},"additional":[]},"primary_term":null,"canonical_url":null,"og_title":null,"og_description":null,"og_object_type":"default","og_image_type":"default","og_image_url":null,"og_image_width":null,"og_image_height":null,"og_image_custom_url":null,"og_image_custom_fields":null,"og_video":"","og_custom_url":null,"og_article_section":null,"og_article_tags":null,"twitter_use_og":false,"twitter_card":"default","twitter_image_type":"default","twitter_image_url":null,"twitter_image_custom_url":null,"twitter_image_custom_fields":null,"twitter_title":null,"twitter_description":null,"schema":{"blockGraphs":[],"customGraphs":[],"default":{"data":{"Article":[],"Course":[],"Dataset":[],"FAQPage":[],"Movie":[],"Person":[],"Product":[],"ProductReview":[],"Car":[],"Recipe":[],"Service":[],"SoftwareApplication":[],"WebPage":[]},"graphName":"WebPage","isEnabled":true},"graphs":[]},"schema_type":"default","schema_type_options":null,"pillar_content":false,"robots_default":true,"robots_noindex":false,"robots_noarchive":false,"robots_nosnippet":false,"robots_nofollow":false,"robots_noimageindex":false,"robots_noodp":false,"robots_notranslate":false,"robots_max_snippet":"-1","robots_max_videopreview":"-1","robots_max_imagepreview":"large","priority":null,"frequency":"default","local_seo":null,"breadcrumb_settings":null,"limit_modified_date":false,"ai":null,"created":"2023-05-16 10:09:13","updated":"2025-07-25 12:35:25","seo_analyzer_scan_date":null,"focus_keyword":null,"additional_keywords":null,"truseo_locale":null},"aioseo_breadcrumb":"<div class=\"aioseo-breadcrumbs\"><span class=\"aioseo-breadcrumb\">\n\t\t\t<a href=\"https:\/\/omplim.cat\/es\/\" title=\"Home\">Home<\/a>\n\t\t<\/span><span class=\"aioseo-breadcrumb-separator\">&raquo;<\/span><span class=\"aioseo-breadcrumb\">\n\t\t\t<a href=\"https:\/\/omplim.cat\/es\/categoria\/analisis-tecnico-legal-y-economico\/\" title=\"An\u00e1lisis t\u00e9cnico, legal y econ\u00f3mico\">An\u00e1lisis t\u00e9cnico, legal y econ\u00f3mico<\/a>\n\t\t<\/span><span class=\"aioseo-breadcrumb-separator\">&raquo;<\/span><span class=\"aioseo-breadcrumb\">\n\t\t\tMontcada 005\n\t\t<\/span><\/div>","aioseo_breadcrumb_json":[{"label":"Home","link":"https:\/\/omplim.cat\/es\/"},{"label":"An\u00e1lisis t\u00e9cnico, legal y econ\u00f3mico","link":"https:\/\/omplim.cat\/es\/categoria\/analisis-tecnico-legal-y-economico\/"},{"label":"Montcada 005","link":"https:\/\/omplim.cat\/es\/promocions\/montcada\/"}],"_links":{"self":[{"href":"https:\/\/omplim.cat\/es\/wp-json\/wp\/v2\/promocions\/12842","targetHints":{"allow":["GET"]}}],"collection":[{"href":"https:\/\/omplim.cat\/es\/wp-json\/wp\/v2\/promocions"}],"about":[{"href":"https:\/\/omplim.cat\/es\/wp-json\/wp\/v2\/types\/promocions"}],"version-history":[{"count":0,"href":"https:\/\/omplim.cat\/es\/wp-json\/wp\/v2\/promocions\/12842\/revisions"}],"wp:featuredmedia":[{"embeddable":true,"href":"https:\/\/omplim.cat\/es\/wp-json\/wp\/v2\/media\/16754"}],"wp:attachment":[{"href":"https:\/\/omplim.cat\/es\/wp-json\/wp\/v2\/media?parent=12842"}],"wp:term":[{"taxonomy":"category","embeddable":true,"href":"https:\/\/omplim.cat\/es\/wp-json\/wp\/v2\/categories?post=12842"}],"curies":[{"name":"wp","href":"https:\/\/api.w.org\/{rel}","templated":true}]}}